{"id":3132,"date":"2024-04-19T13:58:20","date_gmt":"2024-04-19T11:58:20","guid":{"rendered":"https:\/\/www.e-leclerc.es\/salamanca\/?page_id=3132"},"modified":"2025-03-11T11:23:56","modified_gmt":"2025-03-11T10:23:56","slug":"politica-de-privacidad","status":"publish","type":"page","link":"https:\/\/e-leclerc.es\/salamanca\/politica-de-privacidad\/","title":{"rendered":"Pol\u00edtica de privacidad"},"content":{"rendered":"\t\t<div data-elementor-type=\"wp-page\" data-elementor-id=\"3132\" class=\"elementor elementor-3132\" data-elementor-post-type=\"page\">\n\t\t\t\t<div class=\"elementor-element elementor-element-0d49c2e e-flex e-con-boxed e-con e-parent\" data-id=\"0d49c2e\" data-element_type=\"container\" data-e-type=\"container\">\n\t\t\t\t\t<div class=\"e-con-inner\">\n\t\t\t\t<div class=\"elementor-element elementor-element-5246550 elementor-invisible elementor-widget elementor-widget-rt-title\" data-id=\"5246550\" data-element_type=\"widget\" data-e-type=\"widget\" data-widget_type=\"rt-title.default\">\n\t\t\t\t<div class=\"elementor-widget-container\">\n\t\t\t\t\t<div class=\"rt-section-title style1\">\n\t<div class=\"title-holder\">\t\t\n\t\t\t\t\t\t<div class=\"heading-wrap \"><h2 class=\"entry-title hide fadeInUp\" data-wow-delay=\"0.4s\" data-wow-duration=\"1.2s\">POLITICA DE PRIVACIDAD<\/h2><\/div>\n\t\t\t\t\t\t\t<\/div>\n<\/div>\n\t\t\t\t<\/div>\n\t\t\t\t<\/div>\n\t\t\t\t<div class=\"elementor-element elementor-element-c709e06 elementor-invisible elementor-widget elementor-widget-rt-title\" data-id=\"c709e06\" data-element_type=\"widget\" data-e-type=\"widget\" data-widget_type=\"rt-title.default\">\n\t\t\t\t<div class=\"elementor-widget-container\">\n\t\t\t\t\t<div class=\"rt-section-title style1\">\n\t<div class=\"title-holder\">\t\t\n\t\t\t\t\t\t<div class=\"heading-wrap \"><h3 class=\"entry-title hide fadeInUp\" data-wow-delay=\"0.4s\" data-wow-duration=\"1.2s\">\u00bfQui\u00e9n es el responsable de sus datos?<\/h3><\/div>\n\t\t\t\t\t\t\t<\/div>\n<\/div>\n\t\t\t\t<\/div>\n\t\t\t\t<\/div>\n\t\t\t\t<div class=\"elementor-element elementor-element-d39a80b elementor-widget elementor-widget-text-editor\" data-id=\"d39a80b\" data-element_type=\"widget\" data-e-type=\"widget\" data-widget_type=\"text-editor.default\">\n\t\t\t\t<div class=\"elementor-widget-container\">\n\t\t\t\t\t\t\t\t\t<p>De acuerdo con lo establecido por la Ley Org\u00e1nica 3\/2018, de 5 de diciembre, de Protecci\u00f3n de Datos Personales y garant\u00eda de los derechos digitales (LOPD) y el Reglamento General de Protecci\u00f3n de Datos (RGPD) de 27 de Abril de 2016, le informamos que los datos personales aportados ser\u00e1n tratados por CARBADIS, S.L. con CIF B37333093 y domicilio en Avda E.Leclerc,1 &#8211; 37188, CARBAJOSA DE LA SAGRADA (Salamanca).<\/p>\t\t\t\t\t\t\t\t<\/div>\n\t\t\t\t<\/div>\n\t\t\t\t<div class=\"elementor-element elementor-element-f8f68de elementor-invisible elementor-widget elementor-widget-rt-title\" data-id=\"f8f68de\" data-element_type=\"widget\" data-e-type=\"widget\" data-widget_type=\"rt-title.default\">\n\t\t\t\t<div class=\"elementor-widget-container\">\n\t\t\t\t\t<div class=\"rt-section-title style1\">\n\t<div class=\"title-holder\">\t\t\n\t\t\t\t\t\t<div class=\"heading-wrap \"><h3 class=\"entry-title hide fadeInUp\" data-wow-delay=\"0.4s\" data-wow-duration=\"1.2s\">\u00bfCu\u00e1les son sus derechos cuando nos facilita sus datos?<\/h3><\/div>\n\t\t\t\t\t\t\t<\/div>\n<\/div>\n\t\t\t\t<\/div>\n\t\t\t\t<\/div>\n\t\t\t\t<div class=\"elementor-element elementor-element-c760d22 elementor-widget elementor-widget-text-editor\" data-id=\"c760d22\" data-element_type=\"widget\" data-e-type=\"widget\" data-widget_type=\"text-editor.default\">\n\t\t\t\t<div class=\"elementor-widget-container\">\n\t\t\t\t\t\t\t\t\t<p>Cualquier persona tiene derecho a solicitar el acceso, rectificaci\u00f3n, supresi\u00f3n, limitaci\u00f3n del tratamiento, oposici\u00f3n o derecho a la portabilidad de sus datos personales, escribi\u00e9ndonos a la direcci\u00f3n de nuestras oficinas, o enviando un correo electr\u00f3nico a <a href=\"mailto:responsable.rgpd@salamanca.leclerc\">responsable.rgpd@salamanca.leclerc<\/a>, indicando el derecho que desea ejercer.<\/p><p>Tendr\u00e1 derecho igualmente a retirar el consentimiento prestado en cualquier momento. La retirada del consentimiento no afectar\u00e1 a la licitud del tratamiento efectuado antes de la retirada de dicho consentimiento.<\/p><p>Tiene derecho a presentar una reclamaci\u00f3n ante la autoridad de control si considera que pueden haber sido vulnerados sus derechos en lo concerniente a la protecci\u00f3n de sus datos personales.<\/p>\t\t\t\t\t\t\t\t<\/div>\n\t\t\t\t<\/div>\n\t\t\t\t<div class=\"elementor-element elementor-element-abf80a9 elementor-invisible elementor-widget elementor-widget-rt-title\" data-id=\"abf80a9\" data-element_type=\"widget\" data-e-type=\"widget\" data-widget_type=\"rt-title.default\">\n\t\t\t\t<div class=\"elementor-widget-container\">\n\t\t\t\t\t<div class=\"rt-section-title style1\">\n\t<div class=\"title-holder\">\t\t\n\t\t\t\t\t\t<div class=\"heading-wrap \"><h3 class=\"entry-title hide fadeInUp\" data-wow-delay=\"0.4s\" data-wow-duration=\"1.2s\">\u00bfQui\u00e9n va a conocer la informaci\u00f3n que le pedimos?<\/h3><\/div>\n\t\t\t\t\t\t\t<\/div>\n<\/div>\n\t\t\t\t<\/div>\n\t\t\t\t<\/div>\n\t\t\t\t<div class=\"elementor-element elementor-element-8a91f06 elementor-widget elementor-widget-text-editor\" data-id=\"8a91f06\" data-element_type=\"widget\" data-e-type=\"widget\" data-widget_type=\"text-editor.default\">\n\t\t\t\t<div class=\"elementor-widget-container\">\n\t\t\t\t\t\t\t\t\t<p>Con car\u00e1cter general, s\u00f3lo el personal de nuestra entidad que est\u00e9 debidamente autorizado podr\u00e1 tener conocimiento de la informaci\u00f3n que le pedimos.<\/p><p>De igual modo, podr\u00e1n tener conocimiento de su informaci\u00f3n personal aquellas entidades que necesiten tener acceso a la misma para que podamos prestarle nuestros servicios. As\u00ed, por ejemplo, nuestro banco conocer\u00e1 sus datos si el pago de nuestros servicios se realiza mediante tarjeta o bizum.<\/p><p>Asimismo, tendr\u00e1n conocimiento de su informaci\u00f3n aquellas entidades p\u00fablicas o privadas a las cuales estemos obligados a facilitar sus datos personales con motivo del cumplimiento de alguna ley. Poni\u00e9ndole un ejemplo, la Ley Tributaria obliga a facilitar a la Agencia Tributaria determinada informaci\u00f3n sobre operaciones econ\u00f3micas que superen una determinada cantidad.<\/p><p>Todas las empresas vinculadas a la marca E.Leclerc y m\u00e1s concretamente: ALCANTADIS S.L., ALMENDIS S.L., NOVARANDIS S.L, EUROHIPER DISTRIBUCION S.L., IRU\u00d1ADIS S.L., MAJADADIS S.L., MIRANDADIS S.L., SORIADIS, S.L.M, PINTODIS S.L., SORIADIS S.L., TORIODIS S.L., TRUJILLODIS S.L., VALDEMODIS S.L., VITORIADIS S.L., SCABER S.C.A.I.<\/p><p>En el caso de que, al margen de los supuestos comentados, necesitemos dar a conocer su informaci\u00f3n personal a otras entidades, le solicitaremos previamente su permiso a trav\u00e9s de opciones claras que le permitir\u00e1n decidir a este respecto.<\/p>\t\t\t\t\t\t\t\t<\/div>\n\t\t\t\t<\/div>\n\t\t\t\t<div class=\"elementor-element elementor-element-ee4196c elementor-invisible elementor-widget elementor-widget-rt-title\" data-id=\"ee4196c\" data-element_type=\"widget\" data-e-type=\"widget\" data-widget_type=\"rt-title.default\">\n\t\t\t\t<div class=\"elementor-widget-container\">\n\t\t\t\t\t<div class=\"rt-section-title style1\">\n\t<div class=\"title-holder\">\t\t\n\t\t\t\t\t\t<div class=\"heading-wrap \"><h3 class=\"entry-title hide fadeInUp\" data-wow-delay=\"0.4s\" data-wow-duration=\"1.2s\">Delegado de Protecci\u00f3n de datos. <\/h3><\/div>\n\t\t\t\t\t\t\t<\/div>\n<\/div>\n\t\t\t\t<\/div>\n\t\t\t\t<\/div>\n\t\t\t\t<div class=\"elementor-element elementor-element-55d66ce elementor-widget elementor-widget-text-editor\" data-id=\"55d66ce\" data-element_type=\"widget\" data-e-type=\"widget\" data-widget_type=\"text-editor.default\">\n\t\t\t\t<div class=\"elementor-widget-container\">\n\t\t\t\t\t\t\t\t\t<p>Contacte con nuestro delegado de protecci\u00f3n de datos en <a href=\"mailto:dpd@dataprev.es\"><strong>dpd@dataprev.es<\/strong><\/a><\/p>\t\t\t\t\t\t\t\t<\/div>\n\t\t\t\t<\/div>\n\t\t\t\t<div class=\"elementor-element elementor-element-e5dd2ef elementor-invisible elementor-widget elementor-widget-rt-title\" data-id=\"e5dd2ef\" data-element_type=\"widget\" data-e-type=\"widget\" data-widget_type=\"rt-title.default\">\n\t\t\t\t<div class=\"elementor-widget-container\">\n\t\t\t\t\t<div class=\"rt-section-title style1\">\n\t<div class=\"title-holder\">\t\t\n\t\t\t\t\t\t<div class=\"heading-wrap \"><h2 class=\"entry-title hide fadeInUp\" data-wow-delay=\"0.4s\" data-wow-duration=\"1.2s\">SI ES USTED UN CLIENTE.<\/h2><\/div>\n\t\t\t\t\t\t\t<\/div>\n<\/div>\n\t\t\t\t<\/div>\n\t\t\t\t<\/div>\n\t\t\t\t<div class=\"elementor-element elementor-element-3fd7ac5 elementor-invisible elementor-widget elementor-widget-rt-title\" data-id=\"3fd7ac5\" data-element_type=\"widget\" data-e-type=\"widget\" data-widget_type=\"rt-title.default\">\n\t\t\t\t<div class=\"elementor-widget-container\">\n\t\t\t\t\t<div class=\"rt-section-title style1\">\n\t<div class=\"title-holder\">\t\t\n\t\t\t\t\t\t<div class=\"heading-wrap \"><h3 class=\"entry-title hide fadeInUp\" data-wow-delay=\"0.4s\" data-wow-duration=\"1.2s\">\u00bfCon qu\u00e9 finalidad tratamos sus datos personales?<\/h3><\/div>\n\t\t\t\t\t\t\t<\/div>\n<\/div>\n\t\t\t\t<\/div>\n\t\t\t\t<\/div>\n\t\t\t\t<div class=\"elementor-element elementor-element-623c2e5 elementor-widget elementor-widget-text-editor\" data-id=\"623c2e5\" data-element_type=\"widget\" data-e-type=\"widget\" data-widget_type=\"text-editor.default\">\n\t\t\t\t<div class=\"elementor-widget-container\">\n\t\t\t\t\t\t\t\t\t<p>Los datos aportados por usted son necesarios para poder prestarle con todas las garant\u00edas el servicio solicitado, y ser\u00e1n tratados con las siguientes finalidades: Gesti\u00f3n de datos de los clientes para poder prestar el servicio, as\u00ed como toda la gesti\u00f3n derivada de ello, reservas de productos, reclamaciones y env\u00edo a domicilio.<\/p>\t\t\t\t\t\t\t\t<\/div>\n\t\t\t\t<\/div>\n\t\t\t\t<div class=\"elementor-element elementor-element-32e9bf7 elementor-invisible elementor-widget elementor-widget-rt-title\" data-id=\"32e9bf7\" data-element_type=\"widget\" data-e-type=\"widget\" data-widget_type=\"rt-title.default\">\n\t\t\t\t<div class=\"elementor-widget-container\">\n\t\t\t\t\t<div class=\"rt-section-title style1\">\n\t<div class=\"title-holder\">\t\t\n\t\t\t\t\t\t<div class=\"heading-wrap \"><h3 class=\"entry-title hide fadeInUp\" data-wow-delay=\"0.4s\" data-wow-duration=\"1.2s\">\u00bfPor cu\u00e1nto tiempo conservaremos sus datos?<\/h3><\/div>\n\t\t\t\t\t\t\t<\/div>\n<\/div>\n\t\t\t\t<\/div>\n\t\t\t\t<\/div>\n\t\t\t\t<div class=\"elementor-element elementor-element-3bb928f elementor-widget elementor-widget-text-editor\" data-id=\"3bb928f\" data-element_type=\"widget\" data-e-type=\"widget\" data-widget_type=\"text-editor.default\">\n\t\t\t\t<div class=\"elementor-widget-container\">\n\t\t\t\t\t\t\t\t\t<p>Los datos personales proporcionados se conservar\u00e1n hasta la finalizaci\u00f3n de la relaci\u00f3n contractual y, posteriormente, durante los plazos legalmente exigidos.<\/p>\t\t\t\t\t\t\t\t<\/div>\n\t\t\t\t<\/div>\n\t\t\t\t<div class=\"elementor-element elementor-element-c4dd0d7 elementor-invisible elementor-widget elementor-widget-rt-title\" data-id=\"c4dd0d7\" data-element_type=\"widget\" data-e-type=\"widget\" data-widget_type=\"rt-title.default\">\n\t\t\t\t<div class=\"elementor-widget-container\">\n\t\t\t\t\t<div class=\"rt-section-title style1\">\n\t<div class=\"title-holder\">\t\t\n\t\t\t\t\t\t<div class=\"heading-wrap \"><h3 class=\"entry-title hide fadeInUp\" data-wow-delay=\"0.4s\" data-wow-duration=\"1.2s\">\u00bfCu\u00e1l es la legitimaci\u00f3n para el tratamiento de sus datos?<\/h3><\/div>\n\t\t\t\t\t\t\t<\/div>\n<\/div>\n\t\t\t\t<\/div>\n\t\t\t\t<\/div>\n\t\t\t\t<div class=\"elementor-element elementor-element-06654d2 elementor-widget elementor-widget-text-editor\" data-id=\"06654d2\" data-element_type=\"widget\" data-e-type=\"widget\" data-widget_type=\"text-editor.default\">\n\t\t\t\t<div class=\"elementor-widget-container\">\n\t\t\t\t\t\t\t\t\t<p>La base legal para el tratamiento de sus datos es la ejecuci\u00f3n del contrato suscrito con nosotros. As\u00ed como el inter\u00e9s leg\u00edtimo del responsable.<\/p>\t\t\t\t\t\t\t\t<\/div>\n\t\t\t\t<\/div>\n\t\t\t\t<div class=\"elementor-element elementor-element-82922ad elementor-invisible elementor-widget elementor-widget-rt-title\" data-id=\"82922ad\" data-element_type=\"widget\" data-e-type=\"widget\" data-widget_type=\"rt-title.default\">\n\t\t\t\t<div class=\"elementor-widget-container\">\n\t\t\t\t\t<div class=\"rt-section-title style1\">\n\t<div class=\"title-holder\">\t\t\n\t\t\t\t\t\t<div class=\"heading-wrap \"><h3 class=\"entry-title hide fadeInUp\" data-wow-delay=\"0.4s\" data-wow-duration=\"1.2s\">\u00bfA qu\u00e9 destinatarios se comunicar\u00e1n sus datos?<\/h3><\/div>\n\t\t\t\t\t\t\t<\/div>\n<\/div>\n\t\t\t\t<\/div>\n\t\t\t\t<\/div>\n\t\t\t\t<div class=\"elementor-element elementor-element-e8b2708 elementor-widget elementor-widget-text-editor\" data-id=\"e8b2708\" data-element_type=\"widget\" data-e-type=\"widget\" data-widget_type=\"text-editor.default\">\n\t\t\t\t<div class=\"elementor-widget-container\">\n\t\t\t\t\t\t\t\t\t<p>Para cumplir con la finalidad prevista, sus datos podr\u00e1n ser comunicados a: Administraci\u00f3n tributaria; Bancos, cajas de ahorros y cajas rurales; Administraci\u00f3n p\u00fablica con competencia en la materia.<\/p>\t\t\t\t\t\t\t\t<\/div>\n\t\t\t\t<\/div>\n\t\t\t\t<div class=\"elementor-element elementor-element-343b1d9 elementor-invisible elementor-widget elementor-widget-rt-title\" data-id=\"343b1d9\" data-element_type=\"widget\" data-e-type=\"widget\" data-widget_type=\"rt-title.default\">\n\t\t\t\t<div class=\"elementor-widget-container\">\n\t\t\t\t\t<div class=\"rt-section-title style1\">\n\t<div class=\"title-holder\">\t\t\n\t\t\t\t\t\t<div class=\"heading-wrap \"><h2 class=\"entry-title hide fadeInUp\" data-wow-delay=\"0.4s\" data-wow-duration=\"1.2s\">SI ES USTED DEPOSITARIO DE UN CURRICULUM.<\/h2><\/div>\n\t\t\t\t\t\t\t<\/div>\n<\/div>\n\t\t\t\t<\/div>\n\t\t\t\t<\/div>\n\t\t\t\t<div class=\"elementor-element elementor-element-ee20550 elementor-invisible elementor-widget elementor-widget-rt-title\" data-id=\"ee20550\" data-element_type=\"widget\" data-e-type=\"widget\" data-widget_type=\"rt-title.default\">\n\t\t\t\t<div class=\"elementor-widget-container\">\n\t\t\t\t\t<div class=\"rt-section-title style1\">\n\t<div class=\"title-holder\">\t\t\n\t\t\t\t\t\t<div class=\"heading-wrap \"><h3 class=\"entry-title hide fadeInUp\" data-wow-delay=\"0.4s\" data-wow-duration=\"1.2s\">\u00bfCon qu\u00e9 finalidad tratamos sus datos personales?<\/h3><\/div>\n\t\t\t\t\t\t\t<\/div>\n<\/div>\n\t\t\t\t<\/div>\n\t\t\t\t<\/div>\n\t\t\t\t<div class=\"elementor-element elementor-element-64c1906 elementor-widget elementor-widget-text-editor\" data-id=\"64c1906\" data-element_type=\"widget\" data-e-type=\"widget\" data-widget_type=\"text-editor.default\">\n\t\t\t\t<div class=\"elementor-widget-container\">\n\t\t\t\t\t\t\t\t\t<p>Los datos aportados por usted son necesarios para poder prestarle con todas las garant\u00edas el servicio solicitado, y ser\u00e1n tratados con las siguientes finalidades: Gesti\u00f3n de los datos del solicitante para an\u00e1lisis de perfiles en periodo de selecci\u00f3n de personal.<\/p>\t\t\t\t\t\t\t\t<\/div>\n\t\t\t\t<\/div>\n\t\t\t\t<div class=\"elementor-element elementor-element-638969f elementor-invisible elementor-widget elementor-widget-rt-title\" data-id=\"638969f\" data-element_type=\"widget\" data-e-type=\"widget\" data-widget_type=\"rt-title.default\">\n\t\t\t\t<div class=\"elementor-widget-container\">\n\t\t\t\t\t<div class=\"rt-section-title style1\">\n\t<div class=\"title-holder\">\t\t\n\t\t\t\t\t\t<div class=\"heading-wrap \"><h3 class=\"entry-title hide fadeInUp\" data-wow-delay=\"0.4s\" data-wow-duration=\"1.2s\">\u00bfPor cu\u00e1nto tiempo conservaremos sus datos?<\/h3><\/div>\n\t\t\t\t\t\t\t<\/div>\n<\/div>\n\t\t\t\t<\/div>\n\t\t\t\t<\/div>\n\t\t\t\t<div class=\"elementor-element elementor-element-b1f8c0d elementor-widget elementor-widget-text-editor\" data-id=\"b1f8c0d\" data-element_type=\"widget\" data-e-type=\"widget\" data-widget_type=\"text-editor.default\">\n\t\t\t\t<div class=\"elementor-widget-container\">\n\t\t\t\t\t\t\t\t\t<p>Los datos personales proporcionados se conservar\u00e1n para contactar con el interesado. M\u00e1ximo un a\u00f1o.<\/p>\t\t\t\t\t\t\t\t<\/div>\n\t\t\t\t<\/div>\n\t\t\t\t<div class=\"elementor-element elementor-element-ae7b0ea elementor-invisible elementor-widget elementor-widget-rt-title\" data-id=\"ae7b0ea\" data-element_type=\"widget\" data-e-type=\"widget\" data-widget_type=\"rt-title.default\">\n\t\t\t\t<div class=\"elementor-widget-container\">\n\t\t\t\t\t<div class=\"rt-section-title style1\">\n\t<div class=\"title-holder\">\t\t\n\t\t\t\t\t\t<div class=\"heading-wrap \"><h3 class=\"entry-title hide fadeInUp\" data-wow-delay=\"0.4s\" data-wow-duration=\"1.2s\">\u00bfCu\u00e1l es la legitimaci\u00f3n para el tratamiento de sus datos?<\/h3><\/div>\n\t\t\t\t\t\t\t<\/div>\n<\/div>\n\t\t\t\t<\/div>\n\t\t\t\t<\/div>\n\t\t\t\t<div class=\"elementor-element elementor-element-9ae6fe6 elementor-widget elementor-widget-text-editor\" data-id=\"9ae6fe6\" data-element_type=\"widget\" data-e-type=\"widget\" data-widget_type=\"text-editor.default\">\n\t\t\t\t<div class=\"elementor-widget-container\">\n\t\t\t\t\t\t\t\t\t<p>La base legal para el tratamiento es el consentimiento del interesado. As\u00ed como el inter\u00e9s leg\u00edtimo del responsable.<\/p>\t\t\t\t\t\t\t\t<\/div>\n\t\t\t\t<\/div>\n\t\t\t\t<div class=\"elementor-element elementor-element-88b70c3 elementor-invisible elementor-widget elementor-widget-rt-title\" data-id=\"88b70c3\" data-element_type=\"widget\" data-e-type=\"widget\" data-widget_type=\"rt-title.default\">\n\t\t\t\t<div class=\"elementor-widget-container\">\n\t\t\t\t\t<div class=\"rt-section-title style1\">\n\t<div class=\"title-holder\">\t\t\n\t\t\t\t\t\t<div class=\"heading-wrap \"><h3 class=\"entry-title hide fadeInUp\" data-wow-delay=\"0.4s\" data-wow-duration=\"1.2s\">\u00bfA qu\u00e9 destinatarios se comunicar\u00e1n sus datos?<\/h3><\/div>\n\t\t\t\t\t\t\t<\/div>\n<\/div>\n\t\t\t\t<\/div>\n\t\t\t\t<\/div>\n\t\t\t\t<div class=\"elementor-element elementor-element-cb4e042 elementor-widget elementor-widget-text-editor\" data-id=\"cb4e042\" data-element_type=\"widget\" data-e-type=\"widget\" data-widget_type=\"text-editor.default\">\n\t\t\t\t<div class=\"elementor-widget-container\">\n\t\t\t\t\t\t\t\t\t<p>Sus datos no se ceder\u00e1n a terceros.<\/p>\t\t\t\t\t\t\t\t<\/div>\n\t\t\t\t<\/div>\n\t\t\t\t<div class=\"elementor-element elementor-element-6344a3b elementor-invisible elementor-widget elementor-widget-rt-title\" data-id=\"6344a3b\" data-element_type=\"widget\" data-e-type=\"widget\" data-widget_type=\"rt-title.default\">\n\t\t\t\t<div class=\"elementor-widget-container\">\n\t\t\t\t\t<div class=\"rt-section-title style1\">\n\t<div class=\"title-holder\">\t\t\n\t\t\t\t\t\t<div class=\"heading-wrap \"><h2 class=\"entry-title hide fadeInUp\" data-wow-delay=\"0.4s\" data-wow-duration=\"1.2s\">SI ES USTED UN PARTICIPANTE DE SORTEO.<\/h2><\/div>\n\t\t\t\t\t\t\t<\/div>\n<\/div>\n\t\t\t\t<\/div>\n\t\t\t\t<\/div>\n\t\t\t\t<div class=\"elementor-element elementor-element-a2e7e03 elementor-invisible elementor-widget elementor-widget-rt-title\" data-id=\"a2e7e03\" data-element_type=\"widget\" data-e-type=\"widget\" data-widget_type=\"rt-title.default\">\n\t\t\t\t<div class=\"elementor-widget-container\">\n\t\t\t\t\t<div class=\"rt-section-title style1\">\n\t<div class=\"title-holder\">\t\t\n\t\t\t\t\t\t<div class=\"heading-wrap \"><h3 class=\"entry-title hide fadeInUp\" data-wow-delay=\"0.4s\" data-wow-duration=\"1.2s\">\u00bfCon qu\u00e9 finalidad tratamos sus datos personales?<\/h3><\/div>\n\t\t\t\t\t\t\t<\/div>\n<\/div>\n\t\t\t\t<\/div>\n\t\t\t\t<\/div>\n\t\t\t\t<div class=\"elementor-element elementor-element-c6b2062 elementor-widget elementor-widget-text-editor\" data-id=\"c6b2062\" data-element_type=\"widget\" data-e-type=\"widget\" data-widget_type=\"text-editor.default\">\n\t\t\t\t<div class=\"elementor-widget-container\">\n\t\t\t\t\t\t\t\t\t<p>Los datos aportados por usted son necesarios para poder prestarle con todas las garant\u00edas el servicio solicitado, y ser\u00e1n tratados con las siguientes finalidades: gesti\u00f3n de sus datos como participante en alguno de nuestros sorteos.<\/p>\t\t\t\t\t\t\t\t<\/div>\n\t\t\t\t<\/div>\n\t\t\t\t<div class=\"elementor-element elementor-element-48edf36 elementor-invisible elementor-widget elementor-widget-rt-title\" data-id=\"48edf36\" data-element_type=\"widget\" data-e-type=\"widget\" data-widget_type=\"rt-title.default\">\n\t\t\t\t<div class=\"elementor-widget-container\">\n\t\t\t\t\t<div class=\"rt-section-title style1\">\n\t<div class=\"title-holder\">\t\t\n\t\t\t\t\t\t<div class=\"heading-wrap \"><h3 class=\"entry-title hide fadeInUp\" data-wow-delay=\"0.4s\" data-wow-duration=\"1.2s\">\u00bfPor cu\u00e1nto tiempo conservaremos sus datos?<\/h3><\/div>\n\t\t\t\t\t\t\t<\/div>\n<\/div>\n\t\t\t\t<\/div>\n\t\t\t\t<\/div>\n\t\t\t\t<div class=\"elementor-element elementor-element-9b47e50 elementor-widget elementor-widget-text-editor\" data-id=\"9b47e50\" data-element_type=\"widget\" data-e-type=\"widget\" data-widget_type=\"text-editor.default\">\n\t\t\t\t<div class=\"elementor-widget-container\">\n\t\t\t\t\t\t\t\t\t<p>Los datos personales proporcionados se conservar\u00e1n hasta la realizaci\u00f3n del sorteo.<\/p>\t\t\t\t\t\t\t\t<\/div>\n\t\t\t\t<\/div>\n\t\t\t\t<div class=\"elementor-element elementor-element-87225c1 elementor-invisible elementor-widget elementor-widget-rt-title\" data-id=\"87225c1\" data-element_type=\"widget\" data-e-type=\"widget\" data-widget_type=\"rt-title.default\">\n\t\t\t\t<div class=\"elementor-widget-container\">\n\t\t\t\t\t<div class=\"rt-section-title style1\">\n\t<div class=\"title-holder\">\t\t\n\t\t\t\t\t\t<div class=\"heading-wrap \"><h3 class=\"entry-title hide fadeInUp\" data-wow-delay=\"0.4s\" data-wow-duration=\"1.2s\">\u00bfCu\u00e1l es la legitimaci\u00f3n para el tratamiento de sus datos?<\/h3><\/div>\n\t\t\t\t\t\t\t<\/div>\n<\/div>\n\t\t\t\t<\/div>\n\t\t\t\t<\/div>\n\t\t\t\t<div class=\"elementor-element elementor-element-37e8b1e elementor-widget elementor-widget-text-editor\" data-id=\"37e8b1e\" data-element_type=\"widget\" data-e-type=\"widget\" data-widget_type=\"text-editor.default\">\n\t\t\t\t<div class=\"elementor-widget-container\">\n\t\t\t\t\t\t\t\t\t<p>La base legal para el tratamiento de sus datos es el inter\u00e9s leg\u00edtimo del responsable y el consentimiento del interesado.<\/p>\t\t\t\t\t\t\t\t<\/div>\n\t\t\t\t<\/div>\n\t\t\t\t<div class=\"elementor-element elementor-element-24efcf1 elementor-invisible elementor-widget elementor-widget-rt-title\" data-id=\"24efcf1\" data-element_type=\"widget\" data-e-type=\"widget\" data-widget_type=\"rt-title.default\">\n\t\t\t\t<div class=\"elementor-widget-container\">\n\t\t\t\t\t<div class=\"rt-section-title style1\">\n\t<div class=\"title-holder\">\t\t\n\t\t\t\t\t\t<div class=\"heading-wrap \"><h3 class=\"entry-title hide fadeInUp\" data-wow-delay=\"0.4s\" data-wow-duration=\"1.2s\">\u00bfA qu\u00e9 destinatarios se comunicar\u00e1n sus datos?<\/h3><\/div>\n\t\t\t\t\t\t\t<\/div>\n<\/div>\n\t\t\t\t<\/div>\n\t\t\t\t<\/div>\n\t\t\t\t<div class=\"elementor-element elementor-element-f27ba57 elementor-widget elementor-widget-text-editor\" data-id=\"f27ba57\" data-element_type=\"widget\" data-e-type=\"widget\" data-widget_type=\"text-editor.default\">\n\t\t\t\t<div class=\"elementor-widget-container\">\n\t\t\t\t\t\t\t\t\t<p>Sus datos no se ceder\u00e1n a terceros.<\/p>\t\t\t\t\t\t\t\t<\/div>\n\t\t\t\t<\/div>\n\t\t\t\t<div class=\"elementor-element elementor-element-8491484 elementor-invisible elementor-widget elementor-widget-rt-title\" data-id=\"8491484\" data-element_type=\"widget\" data-e-type=\"widget\" data-widget_type=\"rt-title.default\">\n\t\t\t\t<div class=\"elementor-widget-container\">\n\t\t\t\t\t<div class=\"rt-section-title style1\">\n\t<div class=\"title-holder\">\t\t\n\t\t\t\t\t\t<div class=\"heading-wrap \"><h2 class=\"entry-title hide fadeInUp\" data-wow-delay=\"0.4s\" data-wow-duration=\"1.2s\">CANAL \u00c9TICO<\/h2><\/div>\n\t\t\t\t\t\t\t<\/div>\n<\/div>\n\t\t\t\t<\/div>\n\t\t\t\t<\/div>\n\t\t\t\t<div class=\"elementor-element elementor-element-f8136f1 elementor-invisible elementor-widget elementor-widget-rt-title\" data-id=\"f8136f1\" data-element_type=\"widget\" data-e-type=\"widget\" data-widget_type=\"rt-title.default\">\n\t\t\t\t<div class=\"elementor-widget-container\">\n\t\t\t\t\t<div class=\"rt-section-title style1\">\n\t<div class=\"title-holder\">\t\t\n\t\t\t\t\t\t<div class=\"heading-wrap \"><h3 class=\"entry-title hide fadeInUp\" data-wow-delay=\"0.4s\" data-wow-duration=\"1.2s\">\u00bfCon qu\u00e9 finalidad tratamos sus datos personales?<\/h3><\/div>\n\t\t\t\t\t\t\t<\/div>\n<\/div>\n\t\t\t\t<\/div>\n\t\t\t\t<\/div>\n\t\t\t\t<div class=\"elementor-element elementor-element-66033fd elementor-widget elementor-widget-text-editor\" data-id=\"66033fd\" data-element_type=\"widget\" data-e-type=\"widget\" data-widget_type=\"text-editor.default\">\n\t\t\t\t<div class=\"elementor-widget-container\">\n\t\t\t\t\t\t\t\t\t<p>Los datos aportados por usted son necesarios para poder prestarle con todas las garant\u00edas el servicio solicitado, y ser\u00e1n tratados con las siguientes finalidades: Gesti\u00f3n de los datos del denunciante, recogidos a trav\u00e9s del canal de denuncias, para la comunicaci\u00f3n de irregularidades y supuestos incumplimientos normativos.<\/p><p>Se utilizar\u00e1 la geolocalizaci\u00f3n para identificar la ubicaci\u00f3n aproximada del usuario y mostrarle su supermercado m\u00e1s cercano, as\u00ed como las gasolineras asociadas en la zona. No se almacenar\u00e1 ning\u00fan dato relacionado con la posici\u00f3n del usuario, garantizando su privacidad. La gesti\u00f3n de la ubicaci\u00f3n se realiza a trav\u00e9s de Google Maps, conforme a sus t\u00e9rminos y pol\u00edticas de privacidad.<\/p>\t\t\t\t\t\t\t\t<\/div>\n\t\t\t\t<\/div>\n\t\t\t\t<div class=\"elementor-element elementor-element-fdbf7c8 elementor-invisible elementor-widget elementor-widget-rt-title\" data-id=\"fdbf7c8\" data-element_type=\"widget\" data-e-type=\"widget\" data-widget_type=\"rt-title.default\">\n\t\t\t\t<div class=\"elementor-widget-container\">\n\t\t\t\t\t<div class=\"rt-section-title style1\">\n\t<div class=\"title-holder\">\t\t\n\t\t\t\t\t\t<div class=\"heading-wrap \"><h3 class=\"entry-title hide fadeInUp\" data-wow-delay=\"0.4s\" data-wow-duration=\"1.2s\">\u00bfPor cu\u00e1nto tiempo conservaremos sus datos?<\/h3><\/div>\n\t\t\t\t\t\t\t<\/div>\n<\/div>\n\t\t\t\t<\/div>\n\t\t\t\t<\/div>\n\t\t\t\t<div class=\"elementor-element elementor-element-fe90b84 elementor-widget elementor-widget-text-editor\" data-id=\"fe90b84\" data-element_type=\"widget\" data-e-type=\"widget\" data-widget_type=\"text-editor.default\">\n\t\t\t\t<div class=\"elementor-widget-container\">\n\t\t\t\t\t\t\t\t\t<p>Los datos personales proporcionados se conservar\u00e1n hasta la finalizaci\u00f3n del proceso legal y posteriormente durante los plazos legalmente exigidos.<\/p>\t\t\t\t\t\t\t\t<\/div>\n\t\t\t\t<\/div>\n\t\t\t\t<div class=\"elementor-element elementor-element-b0be9ba elementor-invisible elementor-widget elementor-widget-rt-title\" data-id=\"b0be9ba\" data-element_type=\"widget\" data-e-type=\"widget\" data-widget_type=\"rt-title.default\">\n\t\t\t\t<div class=\"elementor-widget-container\">\n\t\t\t\t\t<div class=\"rt-section-title style1\">\n\t<div class=\"title-holder\">\t\t\n\t\t\t\t\t\t<div class=\"heading-wrap \"><h3 class=\"entry-title hide fadeInUp\" data-wow-delay=\"0.4s\" data-wow-duration=\"1.2s\">\u00bfCu\u00e1l es la legitimaci\u00f3n para el tratamiento de sus datos?<\/h3><\/div>\n\t\t\t\t\t\t\t<\/div>\n<\/div>\n\t\t\t\t<\/div>\n\t\t\t\t<\/div>\n\t\t\t\t<div class=\"elementor-element elementor-element-651c73d elementor-widget elementor-widget-text-editor\" data-id=\"651c73d\" data-element_type=\"widget\" data-e-type=\"widget\" data-widget_type=\"text-editor.default\">\n\t\t\t\t<div class=\"elementor-widget-container\">\n\t\t\t\t\t\t\t\t\t<p>La base legal para el tratamiento es el cumplimiento de la Ley 2\/2023, de 20 de febrero.<\/p>\t\t\t\t\t\t\t\t<\/div>\n\t\t\t\t<\/div>\n\t\t\t\t<div class=\"elementor-element elementor-element-19e1d76 elementor-invisible elementor-widget elementor-widget-rt-title\" data-id=\"19e1d76\" data-element_type=\"widget\" data-e-type=\"widget\" data-widget_type=\"rt-title.default\">\n\t\t\t\t<div class=\"elementor-widget-container\">\n\t\t\t\t\t<div class=\"rt-section-title style1\">\n\t<div class=\"title-holder\">\t\t\n\t\t\t\t\t\t<div class=\"heading-wrap \"><h3 class=\"entry-title hide fadeInUp\" data-wow-delay=\"0.4s\" data-wow-duration=\"1.2s\">\u00bfA qu\u00e9 destinatarios se comunicar\u00e1n sus datos?<\/h3><\/div>\n\t\t\t\t\t\t\t<\/div>\n<\/div>\n\t\t\t\t<\/div>\n\t\t\t\t<\/div>\n\t\t\t\t<div class=\"elementor-element elementor-element-b03dbec elementor-widget elementor-widget-text-editor\" data-id=\"b03dbec\" data-element_type=\"widget\" data-e-type=\"widget\" data-widget_type=\"text-editor.default\">\n\t\t\t\t<div class=\"elementor-widget-container\">\n\t\t\t\t\t\t\t\t\t<p>Sus datos no se ceder\u00e1n a terceros salvo obligaci\u00f3n legal.<\/p>\t\t\t\t\t\t\t\t<\/div>\n\t\t\t\t<\/div>\n\t\t\t\t\t<\/div>\n\t\t\t\t<\/div>\n\t\t\t\t<\/div>\n\t\t","protected":false},"excerpt":{"rendered":"<p>POLITICA DE PRIVACIDAD \u00bfQui\u00e9n es el responsable de sus datos? De acuerdo con lo establecido por la Ley Org\u00e1nica 3\/2018, de 5 de diciembre, de Protecci\u00f3n de Datos Personales y garant\u00eda de los derechos digitales (LOPD) y el Reglamento General de Protecci\u00f3n de Datos (RGPD) de 27 de Abril de 2016, le informamos que los [&hellip;]<\/p>\n","protected":false},"author":1,"featured_media":0,"parent":0,"menu_order":0,"comment_status":"closed","ping_status":"closed","template":"","meta":{"_acf_changed":false,"footnotes":""},"class_list":["post-3132","page","type-page","status-publish","hentry"],"acf":[],"yoast_head":"<!-- This site is optimized with the Yoast SEO plugin v27.4 - https:\/\/yoast.com\/product\/yoast-seo-wordpress\/ -->\n<title>Pol\u00edtica de privacidad - E.Leclerc Salamanca<\/title>\n<meta name=\"robots\" content=\"index, follow, max-snippet:-1, max-image-preview:large, max-video-preview:-1\" \/>\n<link rel=\"canonical\" href=\"https:\/\/e-leclerc.es\/salamanca\/politica-de-privacidad\/\" \/>\n<meta property=\"og:locale\" content=\"es_ES\" \/>\n<meta property=\"og:type\" content=\"article\" \/>\n<meta property=\"og:title\" content=\"Pol\u00edtica de privacidad - E.Leclerc Salamanca\" \/>\n<meta property=\"og:description\" content=\"POLITICA DE PRIVACIDAD \u00bfQui\u00e9n es el responsable de sus datos? De acuerdo con lo establecido por la Ley Org\u00e1nica 3\/2018, de 5 de diciembre, de Protecci\u00f3n de Datos Personales y garant\u00eda de los derechos digitales (LOPD) y el Reglamento General de Protecci\u00f3n de Datos (RGPD) de 27 de Abril de 2016, le informamos que los [&hellip;]\" \/>\n<meta property=\"og:url\" content=\"https:\/\/e-leclerc.es\/salamanca\/politica-de-privacidad\/\" \/>\n<meta property=\"og:site_name\" content=\"E.Leclerc Salamanca\" \/>\n<meta property=\"article:modified_time\" content=\"2025-03-11T10:23:56+00:00\" \/>\n<meta name=\"twitter:card\" content=\"summary_large_image\" \/>\n<meta name=\"twitter:label1\" content=\"Tiempo de lectura\" \/>\n\t<meta name=\"twitter:data1\" content=\"5 minutos\" \/>\n<script type=\"application\/ld+json\" class=\"yoast-schema-graph\">{\"@context\":\"https:\\\/\\\/schema.org\",\"@graph\":[{\"@type\":\"WebPage\",\"@id\":\"https:\\\/\\\/e-leclerc.es\\\/salamanca\\\/politica-de-privacidad\\\/\",\"url\":\"https:\\\/\\\/e-leclerc.es\\\/salamanca\\\/politica-de-privacidad\\\/\",\"name\":\"Pol\u00edtica de privacidad - E.Leclerc Salamanca\",\"isPartOf\":{\"@id\":\"https:\\\/\\\/e-leclerc.es\\\/salamanca\\\/#website\"},\"datePublished\":\"2024-04-19T11:58:20+00:00\",\"dateModified\":\"2025-03-11T10:23:56+00:00\",\"breadcrumb\":{\"@id\":\"https:\\\/\\\/e-leclerc.es\\\/salamanca\\\/politica-de-privacidad\\\/#breadcrumb\"},\"inLanguage\":\"es\",\"potentialAction\":[{\"@type\":\"ReadAction\",\"target\":[\"https:\\\/\\\/e-leclerc.es\\\/salamanca\\\/politica-de-privacidad\\\/\"]}]},{\"@type\":\"BreadcrumbList\",\"@id\":\"https:\\\/\\\/e-leclerc.es\\\/salamanca\\\/politica-de-privacidad\\\/#breadcrumb\",\"itemListElement\":[{\"@type\":\"ListItem\",\"position\":1,\"name\":\"Portada\",\"item\":\"https:\\\/\\\/e-leclerc.es\\\/salamanca\\\/\"},{\"@type\":\"ListItem\",\"position\":2,\"name\":\"Pol\u00edtica de privacidad\"}]},{\"@type\":\"WebSite\",\"@id\":\"https:\\\/\\\/e-leclerc.es\\\/salamanca\\\/#website\",\"url\":\"https:\\\/\\\/e-leclerc.es\\\/salamanca\\\/\",\"name\":\"E.Leclerc Salamanca\",\"description\":\"Descubre los folletos, ofertas y promociones de nuestro hipermercado E.Leclerc Salamanca en Castillla y Le\u00f3n. Direcci\u00f3n | Horario | Productos locales\",\"publisher\":{\"@id\":\"https:\\\/\\\/e-leclerc.es\\\/salamanca\\\/#organization\"},\"potentialAction\":[{\"@type\":\"SearchAction\",\"target\":{\"@type\":\"EntryPoint\",\"urlTemplate\":\"https:\\\/\\\/e-leclerc.es\\\/salamanca\\\/?s={search_term_string}\"},\"query-input\":{\"@type\":\"PropertyValueSpecification\",\"valueRequired\":true,\"valueName\":\"search_term_string\"}}],\"inLanguage\":\"es\"},{\"@type\":\"Organization\",\"@id\":\"https:\\\/\\\/e-leclerc.es\\\/salamanca\\\/#organization\",\"name\":\"E.Leclerc Salamanca\",\"url\":\"https:\\\/\\\/e-leclerc.es\\\/salamanca\\\/\",\"logo\":{\"@type\":\"ImageObject\",\"inLanguage\":\"es\",\"@id\":\"https:\\\/\\\/e-leclerc.es\\\/salamanca\\\/#\\\/schema\\\/logo\\\/image\\\/\",\"url\":\"https:\\\/\\\/e-leclerc.es\\\/salamanca\\\/wp-content\\\/uploads\\\/sites\\\/17\\\/2024\\\/03\\\/Leclerc_Logo.svg\",\"contentUrl\":\"https:\\\/\\\/e-leclerc.es\\\/salamanca\\\/wp-content\\\/uploads\\\/sites\\\/17\\\/2024\\\/03\\\/Leclerc_Logo.svg\",\"caption\":\"E.Leclerc Salamanca\"},\"image\":{\"@id\":\"https:\\\/\\\/e-leclerc.es\\\/salamanca\\\/#\\\/schema\\\/logo\\\/image\\\/\"}}]}<\/script>\n<!-- \/ Yoast SEO plugin. -->","yoast_head_json":{"title":"Pol\u00edtica de privacidad - E.Leclerc Salamanca","robots":{"index":"index","follow":"follow","max-snippet":"max-snippet:-1","max-image-preview":"max-image-preview:large","max-video-preview":"max-video-preview:-1"},"canonical":"https:\/\/e-leclerc.es\/salamanca\/politica-de-privacidad\/","og_locale":"es_ES","og_type":"article","og_title":"Pol\u00edtica de privacidad - E.Leclerc Salamanca","og_description":"POLITICA DE PRIVACIDAD \u00bfQui\u00e9n es el responsable de sus datos? De acuerdo con lo establecido por la Ley Org\u00e1nica 3\/2018, de 5 de diciembre, de Protecci\u00f3n de Datos Personales y garant\u00eda de los derechos digitales (LOPD) y el Reglamento General de Protecci\u00f3n de Datos (RGPD) de 27 de Abril de 2016, le informamos que los [&hellip;]","og_url":"https:\/\/e-leclerc.es\/salamanca\/politica-de-privacidad\/","og_site_name":"E.Leclerc Salamanca","article_modified_time":"2025-03-11T10:23:56+00:00","twitter_card":"summary_large_image","twitter_misc":{"Tiempo de lectura":"5 minutos"},"schema":{"@context":"https:\/\/schema.org","@graph":[{"@type":"WebPage","@id":"https:\/\/e-leclerc.es\/salamanca\/politica-de-privacidad\/","url":"https:\/\/e-leclerc.es\/salamanca\/politica-de-privacidad\/","name":"Pol\u00edtica de privacidad - E.Leclerc Salamanca","isPartOf":{"@id":"https:\/\/e-leclerc.es\/salamanca\/#website"},"datePublished":"2024-04-19T11:58:20+00:00","dateModified":"2025-03-11T10:23:56+00:00","breadcrumb":{"@id":"https:\/\/e-leclerc.es\/salamanca\/politica-de-privacidad\/#breadcrumb"},"inLanguage":"es","potentialAction":[{"@type":"ReadAction","target":["https:\/\/e-leclerc.es\/salamanca\/politica-de-privacidad\/"]}]},{"@type":"BreadcrumbList","@id":"https:\/\/e-leclerc.es\/salamanca\/politica-de-privacidad\/#breadcrumb","itemListElement":[{"@type":"ListItem","position":1,"name":"Portada","item":"https:\/\/e-leclerc.es\/salamanca\/"},{"@type":"ListItem","position":2,"name":"Pol\u00edtica de privacidad"}]},{"@type":"WebSite","@id":"https:\/\/e-leclerc.es\/salamanca\/#website","url":"https:\/\/e-leclerc.es\/salamanca\/","name":"E.Leclerc Salamanca","description":"Descubre los folletos, ofertas y promociones de nuestro hipermercado E.Leclerc Salamanca en Castillla y Le\u00f3n. Direcci\u00f3n | Horario | Productos locales","publisher":{"@id":"https:\/\/e-leclerc.es\/salamanca\/#organization"},"potentialAction":[{"@type":"SearchAction","target":{"@type":"EntryPoint","urlTemplate":"https:\/\/e-leclerc.es\/salamanca\/?s={search_term_string}"},"query-input":{"@type":"PropertyValueSpecification","valueRequired":true,"valueName":"search_term_string"}}],"inLanguage":"es"},{"@type":"Organization","@id":"https:\/\/e-leclerc.es\/salamanca\/#organization","name":"E.Leclerc Salamanca","url":"https:\/\/e-leclerc.es\/salamanca\/","logo":{"@type":"ImageObject","inLanguage":"es","@id":"https:\/\/e-leclerc.es\/salamanca\/#\/schema\/logo\/image\/","url":"https:\/\/e-leclerc.es\/salamanca\/wp-content\/uploads\/sites\/17\/2024\/03\/Leclerc_Logo.svg","contentUrl":"https:\/\/e-leclerc.es\/salamanca\/wp-content\/uploads\/sites\/17\/2024\/03\/Leclerc_Logo.svg","caption":"E.Leclerc Salamanca"},"image":{"@id":"https:\/\/e-leclerc.es\/salamanca\/#\/schema\/logo\/image\/"}}]}},"_links":{"self":[{"href":"https:\/\/e-leclerc.es\/salamanca\/wp-json\/wp\/v2\/pages\/3132","targetHints":{"allow":["GET"]}}],"collection":[{"href":"https:\/\/e-leclerc.es\/salamanca\/wp-json\/wp\/v2\/pages"}],"about":[{"href":"https:\/\/e-leclerc.es\/salamanca\/wp-json\/wp\/v2\/types\/page"}],"author":[{"embeddable":true,"href":"https:\/\/e-leclerc.es\/salamanca\/wp-json\/wp\/v2\/users\/1"}],"replies":[{"embeddable":true,"href":"https:\/\/e-leclerc.es\/salamanca\/wp-json\/wp\/v2\/comments?post=3132"}],"version-history":[{"count":10,"href":"https:\/\/e-leclerc.es\/salamanca\/wp-json\/wp\/v2\/pages\/3132\/revisions"}],"predecessor-version":[{"id":9209,"href":"https:\/\/e-leclerc.es\/salamanca\/wp-json\/wp\/v2\/pages\/3132\/revisions\/9209"}],"wp:attachment":[{"href":"https:\/\/e-leclerc.es\/salamanca\/wp-json\/wp\/v2\/media?parent=3132"}],"curies":[{"name":"wp","href":"https:\/\/api.w.org\/{rel}","templated":true}]}}