{"id":8254,"date":"2024-05-17T10:55:29","date_gmt":"2024-05-17T08:55:29","guid":{"rendered":"https:\/\/www.e-leclerc.es\/pamplona\/?page_id=8254"},"modified":"2024-05-17T11:01:31","modified_gmt":"2024-05-17T09:01:31","slug":"politica-de-privacidad-web","status":"publish","type":"page","link":"https:\/\/e-leclerc.es\/pamplona\/politica-de-privacidad-web\/","title":{"rendered":"Pol\u00edtica de privacidad web"},"content":{"rendered":"\t\t<div data-elementor-type=\"wp-page\" data-elementor-id=\"8254\" class=\"elementor elementor-8254\" data-elementor-post-type=\"page\">\n\t\t\t\t<div class=\"elementor-element elementor-element-7e190bf e-flex e-con-boxed e-con e-parent\" data-id=\"7e190bf\" data-element_type=\"container\" data-e-type=\"container\">\n\t\t\t\t\t<div class=\"e-con-inner\">\n\t\t\t\t<div class=\"elementor-element elementor-element-b3620bb elementor-invisible elementor-widget elementor-widget-rt-title\" data-id=\"b3620bb\" data-element_type=\"widget\" data-e-type=\"widget\" data-widget_type=\"rt-title.default\">\n\t\t\t\t<div class=\"elementor-widget-container\">\n\t\t\t\t\t<div class=\"rt-section-title style1\">\n\t<div class=\"title-holder\">\t\t\n\t\t\t\t\t\t<div class=\"heading-wrap \"><h2 class=\"entry-title hide fadeInUp\" data-wow-delay=\"0.4s\" data-wow-duration=\"1.2s\">POL\u00cdTICA DE PRIVACIDAD<\/h2><\/div>\n\t\t\t\t\t\t\t<\/div>\n<\/div>\n\t\t\t\t<\/div>\n\t\t\t\t<\/div>\n\t\t\t\t<div class=\"elementor-element elementor-element-43d26d5 elementor-invisible elementor-widget elementor-widget-rt-title\" data-id=\"43d26d5\" data-element_type=\"widget\" data-e-type=\"widget\" data-widget_type=\"rt-title.default\">\n\t\t\t\t<div class=\"elementor-widget-container\">\n\t\t\t\t\t<div class=\"rt-section-title style1\">\n\t<div class=\"title-holder\">\t\t\n\t\t\t\t\t\t<div class=\"heading-wrap \"><h2 class=\"entry-title hide fadeInUp\" data-wow-delay=\"0.4s\" data-wow-duration=\"1.2s\">1.- \u00c1MBITO DE APLICACI\u00d3N DE LA PRESENTE POL\u00cdTICA.<\/h2><\/div>\n\t\t\t\t\t\t\t<\/div>\n<\/div>\n\t\t\t\t<\/div>\n\t\t\t\t<\/div>\n\t\t\t\t<div class=\"elementor-element elementor-element-3b2ea15 elementor-widget elementor-widget-text-editor\" data-id=\"3b2ea15\" data-element_type=\"widget\" data-e-type=\"widget\" data-widget_type=\"text-editor.default\">\n\t\t\t\t<div class=\"elementor-widget-container\">\n\t\t\t\t\t\t\t\t\t<p>Esta pol\u00edtica de privacidad tiene por objeto los tratamientos de datos que E. Leclerc Pamplona (Iru\u00f1adis, S.L.) realiza \u00a0por medio de (i)\u00a0 la secci\u00f3n dedicada a la tienda de Pamplona (<a href=\"https:\/\/e-leclerc.es\/tiendas\/pamplona\/\">https:\/\/e-leclerc.es\/tiendas\/pamplona\/<\/a>) de este portal; (ii) las compras online que se realicen para el centro de Pamplona en <a href=\"https:\/\/compraonline.e-leclerc.es\/\">https:\/\/compraonline.e-leclerc.es\/<\/a>;\u00a0 \u00a0y (iii)\u00a0 las tarjetas de fidelidad que emite E. Leclerc Pamplona (Iru\u00f1adis, S.L.) para sus clientes.<\/p><p>La presente pol\u00edtica de privacidad <strong><u>no se aplicar\u00e1<\/u><\/strong> a los tratamientos relativos a cualquier otra p\u00e1gina o entidad ubicada dentro del dominio e-leclerc.es que no correspondan a E. Leclerc Pamplona (Iru\u00f1adis, S.L.). A los efectos oportunos se excluyen expresamente (i) los tratamientos de datos realizados por el titular del dominio y portal SCABER S.C.A.; (ii) \u00a0cualquiera de los otros centros E. Leclerc que pueda tener su espacio en la p\u00e1gina, en especial los relativos a las compras que el usuario pueda realizar en otros centros de E. Leclerc en Espa\u00f1a; y (iii)\u00a0 los relativos a las tarjetas de fidelidad que puedan emitir tanto Scaber S.A. como cualquier otro centro E. Leclerc diferente a Iru\u00f1adis, S.L.<\/p>\t\t\t\t\t\t\t\t<\/div>\n\t\t\t\t<\/div>\n\t\t\t\t<div class=\"elementor-element elementor-element-98f5a16 elementor-invisible elementor-widget elementor-widget-rt-title\" data-id=\"98f5a16\" data-element_type=\"widget\" data-e-type=\"widget\" data-widget_type=\"rt-title.default\">\n\t\t\t\t<div class=\"elementor-widget-container\">\n\t\t\t\t\t<div class=\"rt-section-title style1\">\n\t<div class=\"title-holder\">\t\t\n\t\t\t\t\t\t<div class=\"heading-wrap \"><h2 class=\"entry-title hide fadeInUp\" data-wow-delay=\"0.4s\" data-wow-duration=\"1.2s\">2.- IDENTIDAD DEL RESPONSABLE.<\/h2><\/div>\n\t\t\t\t\t\t\t<\/div>\n<\/div>\n\t\t\t\t<\/div>\n\t\t\t\t<\/div>\n\t\t\t\t<div class=\"elementor-element elementor-element-c49052b elementor-widget elementor-widget-text-editor\" data-id=\"c49052b\" data-element_type=\"widget\" data-e-type=\"widget\" data-widget_type=\"text-editor.default\">\n\t\t\t\t<div class=\"elementor-widget-container\">\n\t\t\t\t\t\t\t\t\t<p><u>Responsable:<\/u> Iru\u00f1adis, S.L.<\/p><p><u>Direcci\u00f3n postal<\/u>: Barrio de la Morea, S\/N, 31191 Cordovilla (Navarra).<\/p><p><u>N.I.F.:<\/u> B71376677<\/p><p><u>Tel\u00e9fono<\/u>: 948 290 190<\/p><p><u>Email<\/u>: admin-finanzas@pamplona.leclerc<\/p><p><u>Contacto del Delegado de Protecci\u00f3n de Datos<\/u>: dpo@pamplona.leclerc<\/p>\t\t\t\t\t\t\t\t<\/div>\n\t\t\t\t<\/div>\n\t\t\t\t<div class=\"elementor-element elementor-element-ff76462 elementor-invisible elementor-widget elementor-widget-rt-title\" data-id=\"ff76462\" data-element_type=\"widget\" data-e-type=\"widget\" data-widget_type=\"rt-title.default\">\n\t\t\t\t<div class=\"elementor-widget-container\">\n\t\t\t\t\t<div class=\"rt-section-title style1\">\n\t<div class=\"title-holder\">\t\t\n\t\t\t\t\t\t<div class=\"heading-wrap \"><h2 class=\"entry-title hide fadeInUp\" data-wow-delay=\"0.4s\" data-wow-duration=\"1.2s\">3.- TRATAMIENTOS DE DATOS.<\/h2><\/div>\n\t\t\t\t\t\t\t<\/div>\n<\/div>\n\t\t\t\t<\/div>\n\t\t\t\t<\/div>\n\t\t\t\t<div class=\"elementor-element elementor-element-a126e3e elementor-widget elementor-widget-text-editor\" data-id=\"a126e3e\" data-element_type=\"widget\" data-e-type=\"widget\" data-widget_type=\"text-editor.default\">\n\t\t\t\t<div class=\"elementor-widget-container\">\n\t\t\t\t\t\t\t\t\t<p>A continuaci\u00f3n, te informamos sobre los tratamientos de datos que recoge esta pol\u00edtica de privacidad, indic\u00e1ndote tanto la base legal del <a href=\"https:\/\/eur-lex.europa.eu\/legal-content\/ES\/TXT\/?uri=CELEX:32016R0679\">Reglamento General de Protecci\u00f3n de Datos<\/a> (en adelante, RGPD) como el plazo de conservaci\u00f3n espec\u00edfico de los datos, a los que habr\u00e1 que a\u00f1adir el tiempo necesario para cumplir con las obligaciones legales y atender las posibles responsabilidades que se pudieran derivarse para el Responsable en relaci\u00f3n con el cumplimiento de la finalidad para la que los datos fueron recabados:<\/p><table width=\"567\"><tbody><tr><td colspan=\"3\" width=\"567\"><p><strong>RELATIVOS A NUESTRA RELACI\u00d3N CONTIGO<\/strong><\/p><\/td><\/tr><tr><td width=\"236\"><p><strong>Tratamientos y finalidades<\/strong><\/p><\/td><td width=\"180\"><p><strong>Base legal (RGPD)<\/strong><\/p><\/td><td width=\"151\"><p><strong>Plazo<\/strong><\/p><\/td><\/tr><tr><td width=\"236\"><p><strong>Solicitudes de informaci\u00f3n o consulta: <\/strong>Emplearemos tus datos para atender las peticiones de informaci\u00f3n, consulta o reclamaciones que nos remitas, con la gesti\u00f3n y alcance que las mismas requieran, as\u00ed como para la confecci\u00f3n de presupuestos.<\/p><\/td><td width=\"180\"><p><strong>6.1.a) RGPD.<\/strong> El interesado dio su consentimiento para el tratamiento.<\/p><p><strong>6.1.b) RGPD.<\/strong> El tratamiento es necesario para aplicaci\u00f3n a petici\u00f3n del interesado de medidas precontractuales.<\/p><\/td><td width=\"151\"><p>Durante el tiempo necesario para atender y gestionar tu solicitud y\/o reclamaci\u00f3n.<\/p><\/td><\/tr><tr><td width=\"236\"><p><strong>Gesti\u00f3n de las compras de productos y\/o servicios que pueda adquirir en nuestra tienda<\/strong>: gestionar y tramitar los pedidos de productos o servicios que hayas contratado en la tienda f\u00edsica y tienda online del Responsable (la cual se encuentra alojada en la web gestionada por las empresas que operan bajo la ense\u00f1a E\u00b4Leclerc en Espa\u00f1a). \u00a0Asimismo, emplearemos tus datos para la gesti\u00f3n administrativa de la relaci\u00f3n lo que puede implicar la atenci\u00f3n de incidencias, consultas, devoluciones, garant\u00edas y gesti\u00f3n de cobro de pedidos.<\/p><\/td><td width=\"180\"><p><strong>Art. <\/strong><strong>6.1.b)<\/strong> El tratamiento es necesario para la ejecuci\u00f3n de un contrato en el que el interesado es parte.<\/p><\/td><td width=\"151\"><p>Mientras se prolongue la relaci\u00f3n y\/o el servicio y el Responsable est\u00e9 legitimado para el tratamiento.<\/p><\/td><\/tr><tr><td width=\"236\"><p><strong>Tarjeta de Fidelidad y Programa de Fidelidad: \u00a0<\/strong>tramitaci\u00f3n y evaluaci\u00f3n de la solicitud de la tarjeta y adhesi\u00f3n al programa, y en su caso, controlar y gestionar la relaci\u00f3n de Iru\u00f1adis S.L. como entidad emisora de la Tarjeta y titular del programa de fidelidad. Ese tratamiento implica tanto la utilizaci\u00f3n de la tarjeta tanto en\u00a0 \u00a0Iru\u00f1adis S.L. \u00a0como en otros centros de las organizaciones que operan bajo la ense\u00f1a E\u00b4Leclerc adheridas a este programa de fidelidad. Tambi\u00e9n utilizaremos tus datos para la gesti\u00f3n administrativa de la relaci\u00f3n lo que puede implicar la atenci\u00f3n de incidencias y consultas, comunicaciones del Responsable con usted sobre la Tarjeta (como por ejemplo, descuentos y\/o ventajas acumuladas, normas de seguridad, avisos del servicio y similares) as\u00ed como para dar cumplimiento a las obligaciones legales que pudieran existir para Iru\u00f1adis S.L. en relaci\u00f3n con la tarjeta.<\/p><\/td><td width=\"180\"><p><strong>Art\u00edculo 6.1.b)<\/strong> El tratamiento es necesario para la ejecuci\u00f3n de un contrato en el que el interesado es parte.<\/p><\/td><td width=\"151\"><p>Los datos personales proporcionados se conservar\u00e1n durante el tiempo necesario para cumplir con la finalidad para la que se recaban y para determinar las posibles responsabilidades que se pudieran derivar de la finalidad.<\/p><\/td><\/tr><tr><td width=\"236\"><p><strong>Elaboraci\u00f3n de perfilado para el env\u00edo de comunicaciones comerciales personalizadas<\/strong>: Trataremos los datos vinculados a su cuenta en la tienda online y\/o el uso de la tarjeta cliente (en el caso de que la tenga) tales como (edad, informaci\u00f3n familiar, periodicidad de compra, contenido de la cesta de la compra, precio, tipolog\u00eda de productos adquiridos y\/o devueltos, aprovechamiento del saldo acumulado, interacci\u00f3n con las ofertas y promociones) as\u00ed como aquellos generes con motivo de tu visita y\/o interacci\u00f3n en nuestro sitio web para clasificarte y presentarte contenido de tu inter\u00e9s. \u00a0<\/p><\/td><td width=\"180\"><p><strong>Art. <\/strong><strong>6.1.a)<\/strong> Consentimiento expreso del interesado.<\/p><p><strong>\u00a0<\/strong><\/p><\/td><td width=\"151\"><p>Mientras no retires el consentimiento o te opongas al tratamiento y el Responsable est\u00e9 legitimado para el tratamiento.<\/p><\/td><\/tr><tr><td width=\"236\"><p><strong>Anonimizaci\u00f3n<\/strong>: Los datos vinculados a su perfil de consumo, ser\u00e1n anonimizados para su utilizaci\u00f3n como fuente de informaci\u00f3n sobre los h\u00e1bitos de consumo. La anonimizaci\u00f3n comprende la aplicaci\u00f3n de un proceso t\u00e9cnico por parte del Responsable del tratamiento sobre los datos que impide la re-identificaci\u00f3n de la informaci\u00f3n anonimizada con el titular.<\/p><\/td><td width=\"180\"><p><strong>Art. 6.1.f) <\/strong>Inter\u00e9s leg\u00edtimo del Responsable en optimizar y mejorar la oferta de productos y servicios as\u00ed como los procesos gesti\u00f3n interna todo ello mediante la toma de decisiones basadas en datos agregados de consumo garantizando la privacidad de los consumidores<\/p><\/td><td width=\"151\"><p>Durante el tiempo necesario para cumplir con la finalidad para la que se recaban.<\/p><\/td><\/tr><tr><td width=\"236\"><p><strong>Newsletter. <\/strong>Alta y gesti\u00f3n de env\u00edo de la newsletter de la p\u00e1gina web.<\/p><\/td><td width=\"180\"><p><strong>Art. <\/strong><strong>6.1.a)<\/strong> Consentimiento expreso del interesado.<\/p><p><strong>\u00a0<\/strong><\/p><\/td><td width=\"151\"><p>Mientras no retires el consentimiento o te opongas al tratamiento y el Responsable est\u00e9 legitimado para el tratamiento.<\/p><\/td><\/tr><tr><td width=\"236\"><p><strong>Personas f\u00edsicas actuando en representaci\u00f3n de jur\u00eddicas:<\/strong> Emplearemos tus datos para gestionar y atender dicha situaci\u00f3n de representaci\u00f3n.<\/p><\/td><td width=\"180\"><p><strong>Art. <\/strong><strong>6.1.f)<\/strong> Inter\u00e9s leg\u00edtimo del Responsable basado en el art\u00edculo 19 de la <a href=\"https:\/\/www.boe.es\/boe\/dias\/2018\/12\/06\/pdfs\/BOE-A-2018-16673.pdf\">Ley Org\u00e1nica 3\/2018<\/a>.<\/p><\/td><td width=\"151\"><p>Mientras se mantenga vigente la relaci\u00f3n contractual con la persona jur\u00eddica representada y estemos legitimados para el tratamiento.<\/p><\/td><\/tr><tr><td width=\"236\"><p><strong>Gestionar tu participaci\u00f3n en visitas, eventos y\/o acciones promocionales: <\/strong>En el caso de que te inscribas como participante en alguna de las acciones promocionales (concursos, cursos, eventos\u2026) trataremos tus datos para gestionar tu participaci\u00f3n en los mismos, e inscribirte como participante, quedando tu participaci\u00f3n sujeta a las bases legales de la acci\u00f3n concreta.<\/p><\/td><td width=\"180\"><p><strong>Art. 6.1.b) <\/strong>Ejecuci\u00f3n de un contrato del que el interesado es parte (Bases legales\/condiciones generales).<\/p><\/td><td width=\"151\"><p>Mientras se mantenga vigente la relaci\u00f3n contractual y el Responsable est\u00e9 legitimado para el tratamiento.<\/p><\/td><\/tr><tr><td width=\"236\"><p><strong>En el caso de los eventos con acceso p\u00fablico, captaci\u00f3n y uso de tu imagen para ilustrar noticias o rese\u00f1as sobre el evento.<\/strong><\/p><\/td><td width=\"180\"><p><strong>Art. 6.1.a) <\/strong>Consentimiento expreso del interesado.<\/p><\/td><td width=\"151\"><p>Mientras no te opongas al tratamiento de tus datos.<\/p><\/td><\/tr><tr><td width=\"236\"><p><strong>RRHH: bolsa de empleo. <\/strong>Gestionamos una bolsa de empleo y, en este sentido, cuando te inscribas en una oferta de trabajo del Responsable y\/o nos env\u00edes tu CV, trataremos tus datos para cubrir posibles vacantes, colaboraciones, pr\u00e1cticas o becas.<\/p><\/td><td width=\"180\"><p><strong>Art. 6.1.a)<\/strong> El interesado dio su consentimiento para el tratamiento.<\/p><\/td><td width=\"151\"><p>Dos a\u00f1os.<\/p><\/td><\/tr><tr><td width=\"236\"><p><strong>RRHH: procesos de selecci\u00f3n.<\/strong><\/p><p>Cuando te postules para una candidatura concreta, se analizar\u00e1 tu candidatura en relaci\u00f3n con la misma y, en su caso, si te ajustas al perfil nos pondremos en contacto contigo.<\/p><\/td><td width=\"180\"><p><strong>Art. 6.1.b)<\/strong> El tratamiento es necesario para aplicaci\u00f3n a petici\u00f3n del interesado de medidas precontractuales.<\/p><\/td><td width=\"151\"><p>Mientras dure el proceso de selecci\u00f3n<\/p><\/td><\/tr><tr><td colspan=\"3\" width=\"567\"><p><strong>ASOCIADOS AL CUMPLIMIENTO NORMATIVO<\/strong><\/p><\/td><\/tr><tr><td width=\"236\"><p><strong>Tratamientos<\/strong><\/p><\/td><td width=\"180\"><p><strong>Base legal<\/strong><\/p><\/td><td width=\"151\"><p><strong>Plazo<\/strong><\/p><\/td><\/tr><tr><td width=\"236\"><p><strong>Atenci\u00f3n del ejercicio de los derechos de los interesados<\/strong>: En el caso de que, como interesado, ejercites alguno de los derechos que te asisten en relaci\u00f3n con tus datos personales, emplearemos los datos que nos facilites para evaluar tu solicitud y atender la misma.<\/p><\/td><td width=\"180\"><p><strong>Art. <\/strong><strong>6.1.c)<\/strong> Cumplimiento de una obligaci\u00f3n legal aplicable al Responsable basada en los art\u00edculos 15 a 22 del <a href=\"https:\/\/eur-lex.europa.eu\/legal-content\/ES\/TXT\/?uri=CELEX%3A02016R0679-20160504\">RGPD<\/a> y 12 a 18 de la <a href=\"https:\/\/www.boe.es\/boe\/dias\/2018\/12\/06\/pdfs\/BOE-A-2018-16673.pdf\">Ley Org\u00e1nica 3\/2018<\/a>.<\/p><\/td><td width=\"151\"><p>Mientras resulte necesario para atender el ejercicio de derechos comunicado al Responsable.<\/p><\/td><\/tr><tr><td width=\"236\"><p><strong>Sistemas de informaci\u00f3n (canales de denuncia).<\/strong> Gestionar el procedimiento al que se refiere la <a href=\"https:\/\/www.boe.es\/eli\/es\/l\/2023\/02\/20\/2\/con\">Ley 2\/2023, de 20 de febrero, reguladora de la protecci\u00f3n de las personas que informen sobre infracciones normativas y de lucha contra la corrupci\u00f3n<\/a> as\u00ed como del libro-registro de las informaciones recibidas y de las investigaciones internas a que hayan dado lugar.<\/p><\/td><td width=\"180\"><p><strong>6.1.c) RGPD.<\/strong> Obligaci\u00f3n legal (Ley 2\/2023, de 20 de febrero, reguladora de la protecci\u00f3n de las personas que informen sobre infracciones normativas y de lucha contra la corrupci\u00f3n).<\/p><\/td><td width=\"151\"><p>Se conservar\u00e1n durante el tiempo necesario para cumplir con la finalidad para la que se recabaron y para determinar las posibles responsabilidades que se pudieran derivar de dicha finalidad y del tratamiento de los datos.<\/p><\/td><\/tr><tr><td width=\"236\"><p><strong>Cumplimiento de las obligaciones legales vinculadas a los productos y\/o servicios ofrecidos a los interesados. <\/strong>Emplearemos tus datos para dar cumplimiento a las exigencias legales aplicables a la relaci\u00f3n que nos une contigo.<\/p><\/td><td width=\"180\"><p><strong>Art. <\/strong><strong>6.1.c)<\/strong> Cumplimiento de una obligaci\u00f3n legal aplicable al responsable.<\/p><p><strong>\u00a0<\/strong><\/p><\/td><td width=\"151\"><p>Mientras resulte necesario para dar cumplimiento a las obligaciones legales del Responsable.<\/p><\/td><\/tr><tr><td colspan=\"3\" width=\"567\"><p><strong>COOKIES<\/strong><\/p><\/td><\/tr><tr><td colspan=\"3\" width=\"567\"><p>En el caso de que al iniciar la visita a esta p\u00e1gina web hayas aceptado recibir <a href=\"https:\/\/e-leclerc.es\/pamplona\/politica-de-cookies\/\">cookies<\/a>, se te aplicar\u00e1 la pol\u00edtica de cookies del sitio web, accesible a trav\u00e9s del siguiente enlace.<\/p><\/td><\/tr><\/tbody><\/table><p>En el caso de que se te solicite en alg\u00fan momento autorizaci\u00f3n para el tratamiento de tus datos, para una finalidad que requiera tu consentimiento, su no otorgamiento (o su eventual retirada con posterioridad) no tendr\u00e1 consecuencias para ti en ning\u00fan caso. Tampoco tendr\u00e1 ning\u00fan tipo de consecuencia, tu oposici\u00f3n al tratamiento de tus datos para finalidades basadas en inter\u00e9s leg\u00edtimo.<\/p>\t\t\t\t\t\t\t\t<\/div>\n\t\t\t\t<\/div>\n\t\t\t\t<div class=\"elementor-element elementor-element-5026734 elementor-invisible elementor-widget elementor-widget-rt-title\" data-id=\"5026734\" data-element_type=\"widget\" data-e-type=\"widget\" data-widget_type=\"rt-title.default\">\n\t\t\t\t<div class=\"elementor-widget-container\">\n\t\t\t\t\t<div class=\"rt-section-title style1\">\n\t<div class=\"title-holder\">\t\t\n\t\t\t\t\t\t<div class=\"heading-wrap \"><h2 class=\"entry-title hide fadeInUp\" data-wow-delay=\"0.4s\" data-wow-duration=\"1.2s\">4.- TIPO Y ORIGEN DE LOS DATOS QUE PODEMOS RECOGER O TRATAR SOBRE TI<\/h2><\/div>\n\t\t\t\t\t\t\t<\/div>\n<\/div>\n\t\t\t\t<\/div>\n\t\t\t\t<\/div>\n\t\t\t\t<div class=\"elementor-element elementor-element-b9f3ffc elementor-widget elementor-widget-text-editor\" data-id=\"b9f3ffc\" data-element_type=\"widget\" data-e-type=\"widget\" data-widget_type=\"text-editor.default\">\n\t\t\t\t<div class=\"elementor-widget-container\">\n\t\t\t\t\t\t\t\t\t<p>A trav\u00e9s de las distintas v\u00edas de contacto (correo electr\u00f3nico, tel\u00e9fono, fax\u2026), los formularios, habilitados en nuestro sitio web, y a trav\u00e9s de la tarjeta de fidelizaci\u00f3n y sus datos de usuario en la web oficial de E. Leclerc en Espa\u00f1a, se recoger\u00e1n datos identificativos, bancarios y de contacto, tales como nombre, apellidos, correo electr\u00f3nico, tel\u00e9fono, direcci\u00f3n, n\u00famero de la tarjeta con la que se realiza la compra, etc. En alg\u00fan formulario espec\u00edfico, puedes remitirnos informaci\u00f3n complementaria (ej. motivo de la consulta, informaci\u00f3n adicional relacionada con promociones, cv\u2026). En el caso de que resulte necesario facilitar todos los datos solicitados, se identificar\u00e1n con un asterisco aquellos campos que sea obligatorio cumplimentar, siendo el resto, absolutamente voluntarios.<\/p><p>En relaci\u00f3n con el env\u00edo de comunicaciones comerciales personalizadas, en el caso de que nos lo autorices emplearemos para elaborar tu perfil de consumo:<\/p><ul><li>Los datos vinculados a tu tarjeta cliente as\u00ed como los datos derivados del uso de la tarjeta (periodicidad de compra, contenido de la cesta de la compra, precio y tipolog\u00eda de productos adquiridos y\/o devueltos, aprovechamiento del saldo acumulado, interacci\u00f3n con las ofertas y promociones, centros en los que realiza compras\u2026).<\/li><li>Los datos derivados de tu interacci\u00f3n con nuestra tienda online, productos visitados, interacci\u00f3n con ofertas, productos seleccionados pero no adquiridos, productos finalmente adquiridos y\/o devueltos, tiempo de navegaci\u00f3n.<\/li><\/ul><p>Finalmente, en funci\u00f3n de tus preferencias con las cookies, la configuraci\u00f3n de tu dispositivo al acceder a la p\u00e1gina o a las comunicaciones que te remitamos, podr\u00edamos registrar tu navegaci\u00f3n en nuestra p\u00e1gina web obteniendo informaci\u00f3n sobre tu comportamiento e intereses y podr\u00edamos asimismo conocer la apertura de las comunicaciones comerciales.<\/p>\t\t\t\t\t\t\t\t<\/div>\n\t\t\t\t<\/div>\n\t\t\t\t<div class=\"elementor-element elementor-element-71342af elementor-invisible elementor-widget elementor-widget-rt-title\" data-id=\"71342af\" data-element_type=\"widget\" data-e-type=\"widget\" data-widget_type=\"rt-title.default\">\n\t\t\t\t<div class=\"elementor-widget-container\">\n\t\t\t\t\t<div class=\"rt-section-title style1\">\n\t<div class=\"title-holder\">\t\t\n\t\t\t\t\t\t<div class=\"heading-wrap \"><h2 class=\"entry-title hide fadeInUp\" data-wow-delay=\"0.4s\" data-wow-duration=\"1.2s\">5.- DESTINATARIOS.<\/h2><\/div>\n\t\t\t\t\t\t\t<\/div>\n<\/div>\n\t\t\t\t<\/div>\n\t\t\t\t<\/div>\n\t\t\t\t<div class=\"elementor-element elementor-element-9014def elementor-widget elementor-widget-text-editor\" data-id=\"9014def\" data-element_type=\"widget\" data-e-type=\"widget\" data-widget_type=\"text-editor.default\">\n\t\t\t\t<div class=\"elementor-widget-container\">\n\t\t\t\t\t\t\t\t\t<p>Con car\u00e1cter general, salvo obligaci\u00f3n legal, tus datos no ser\u00e1n comunicados ni transferidos a ning\u00fan tercero sin contar previamente con tu consentimiento expreso. En todo caso, algunas comunicaciones y\/o transferencias de datos a terceros pueden venir impuestas por determinada normativa o para atender las obligaciones con las Administraciones P\u00fablicas en los casos que as\u00ed se requiera de acuerdo con la legislaci\u00f3n vigente, en cada momento.<\/p><p>Otras comunicaciones y\/o transferencias ser\u00e1n consecuencia necesaria de la prestaci\u00f3n del servicio solicitado, gesti\u00f3n del evento o resultado de un consentimiento expreso por tu parte a la comunicaci\u00f3n. A continuaci\u00f3n, recogemos aquellas finalidades para las que puede resultar necesario comunicar tus datos a terceros:<\/p><ul><li><strong><u>Env\u00edo de comunicaciones y boletines, medici\u00f3n de su actividad, formularios y encuestas<\/u><\/strong>. En este caso, se comunicar\u00e1n tus datos a la empresa titular de la soluci\u00f3n tecnol\u00f3gica empleada con dicha finalidad, para que cumpla con las funciones de env\u00edo y medici\u00f3n que le han sido encomendadas.<\/li><li><strong><u>Hosting de la p\u00e1gina web<\/u><\/strong>. Los datos alojados en nuestro sitio web ser\u00e1n comunicados a la empresa que nos presta el servicio de alojamiento web.<\/li><li><strong><u>Coorganizaci\u00f3n de eventos, formaciones o acciones promocionales<\/u><\/strong>. En el caso de organizar eventos con otras entidades te informamos de que tus datos ser\u00e1n tratados adem\u00e1s de por el Responsable, por la organizaci\u00f3n u organizaciones que se identifiquen en las condiciones que regulen dicha acci\u00f3n concreta.<\/li><li><strong><u>Comunicaciones comerciales de patrocinadores y\/o terceros destinatarios<\/u><\/strong>. En el caso de que lo consientas expresamente marcando la casilla habilitada al efecto, comunicaremos tus datos a aquellas organizaciones que se identifiquen en el momento de la recogida de los datos para que puedan emplear los mismos para la finalidad que hubieras consentido.<\/li><li><strong><u>Disfrute de premios de los que es responsable una entidad distinta del Responsable<\/u><\/strong>. En este caso, se comunicar\u00e1n los datos del ganador, a la empresa encargada de gestionar el premio, a los efectos de que el ganador pueda recibir el mismo y\/o coordinar con la empresa proveedora el disfrute del mismo.<\/li><li><strong><u>Comunicaci\u00f3n de la identidad del ganador de una acci\u00f3n promocional a la generalidad del p\u00fablico<\/u><\/strong><strong>:<\/strong> Los datos identificativos, generalmente nombre y apellidos y en ocasiones fotograf\u00eda del ganador podr\u00e1n ser comunicados al resto de participantes y eventualmente en el caso de acciones promocionales realizadas en entornos abiertos y\/o accesibles al p\u00fablico tanto f\u00edsica como digitalmente, los datos podr\u00e1n ser accedidos por la generalidad del p\u00fablico, con el objetivo de acreditar el correcto desarrollo de la promoci\u00f3n.<\/li><li><strong><u>Comunicaciones relacionadas con la Tarjeta \u201cE. Leclerc\u201d: <\/u><\/strong>Para que la tarjeta pueda emplearse en cualquiera de los centros que operan bajo la ense\u00f1a \u201cE. Leclerc\u201d adheridos a este programa de fidelidad, resulta necesario que ciertos datos identificativos del titular de la Tarjeta, vigencia de la misma y de la operaci\u00f3n que en su caso se realice (por ejemplo, utilizaci\u00f3n de saldo) se comuniquen a la organizaci\u00f3n que opere el centro en el que usted est\u00e9 usando la Tarjeta. En este sentido, te informamos de que, en ning\u00fan caso, se compartir\u00e1n con otros centros, distintos del gestionado por el Responsable, ning\u00fan dato sobre sus h\u00e1bitos de consumo o informaci\u00f3n del uso de la tarjeta, limit\u00e1ndose la comunicaci\u00f3n al momento de uso de la tarjeta y a los datos estrictamente necesarios para identificarle como titular de la misma y posibilitar la acumulaci\u00f3n o uso de descuentos y\/o ventajas asociadas a la Tarjeta.\u00a0 A continuaci\u00f3n te relacionamos los centros que operan bajo la ense\u00f1a \u201cE. Leclerc\u201d en Espa\u00f1a en los que actualmente podr\u00e1 emplear su tarjeta, todo ello sin perjuicio de que puedan incorporarse o darse de baja m\u00e1s organizaciones:<\/li><\/ul><table><tbody><tr><td width=\"146\"><strong>DENOMINACI\u00d3N &#8211; MARCA<\/strong><\/td><td width=\"223\"><strong>DOMICILIO SOCIAL <\/strong><\/td><td width=\"132\"><strong>NIF<\/strong><\/td><\/tr><tr><td width=\"146\">3PRINT<\/td><td width=\"223\">3PRINT ESPA\u00d1A S.L.<\/td><td width=\"132\">B02944700<\/td><\/tr><tr><td width=\"146\">ROYAL COMUNICACI\u00d3N<\/td><td width=\"223\">ROYAL PROFIT S.L.<\/td><td width=\"132\">B91637967<\/td><\/tr><tr><td width=\"146\">E. LECLERC SORIA<\/td><td width=\"223\">SORIADIS S.L.<\/td><td width=\"132\">B42141176<\/td><\/tr><tr><td width=\"146\">SCABER<\/td><td width=\"223\">SCABER S.C.I.<\/td><td width=\"132\">F81959900<\/td><\/tr><tr><td width=\"146\">E. LECLERC ANDORRA<\/td><td width=\"223\">ACTIVITATS COMERCIALS ANDORRANES S.A.U.<\/td><td width=\"132\">A-700172-J<\/td><\/tr><tr><td width=\"146\">COMERZZIA<\/td><td width=\"223\">COMERCIA TECNOLOGIAS ESPEC\u00cdFICAS PARA EL COMERCIO S.L.<\/td><td width=\"132\">B91877373<\/td><\/tr><tr><td width=\"146\">TIER1<\/td><td width=\"223\">TIER1 TECHNOLOGY S.A.<\/td><td width=\"132\">A91190868<\/td><\/tr><\/tbody><\/table>\t\t\t\t\t\t\t\t<\/div>\n\t\t\t\t<\/div>\n\t\t\t\t<div class=\"elementor-element elementor-element-6058174 elementor-invisible elementor-widget elementor-widget-rt-title\" data-id=\"6058174\" data-element_type=\"widget\" data-e-type=\"widget\" data-widget_type=\"rt-title.default\">\n\t\t\t\t<div class=\"elementor-widget-container\">\n\t\t\t\t\t<div class=\"rt-section-title style1\">\n\t<div class=\"title-holder\">\t\t\n\t\t\t\t\t\t<div class=\"heading-wrap \"><h2 class=\"entry-title hide fadeInUp\" data-wow-delay=\"0.4s\" data-wow-duration=\"1.2s\">6.- DERECHOS.<\/h2><\/div>\n\t\t\t\t\t\t\t<\/div>\n<\/div>\n\t\t\t\t<\/div>\n\t\t\t\t<\/div>\n\t\t\t\t<div class=\"elementor-element elementor-element-44de68b elementor-widget elementor-widget-text-editor\" data-id=\"44de68b\" data-element_type=\"widget\" data-e-type=\"widget\" data-widget_type=\"text-editor.default\">\n\t\t\t\t<div class=\"elementor-widget-container\">\n\t\t\t\t\t\t\t\t\t<p>Respecto a los datos de car\u00e1cter personal recogidos para su tratamiento tienes la posibilidad de ejercitar los derechos de acceso, rectificaci\u00f3n, supresi\u00f3n y portabilidad. Asimismo, en determinadas circunstancias, tendr\u00e1s derecho a solicitar la limitaci\u00f3n u oposici\u00f3n del tratamiento de tus datos, en cuyo caso el Responsable cesar\u00e1 en su tratamiento y \u00fanicamente conservar\u00e1 los mismos en el caso de que exista alguna obligaci\u00f3n normativa que as\u00ed se lo imponga o hasta la prescripci\u00f3n de las acciones que pudieran concurrir. Para cualquier consulta o ejercicio de tus derechos puedes dirigirte a nosotros acreditando tu identidad en el email consumo.pamplona@e-leclerc.es o a trav\u00e9s de cualquiera de las v\u00edas de contacto indicadas en el encabezamiento de la presente pol\u00edtica de protecci\u00f3n de datos. Puedes dirigirte tambi\u00e9n a nuestro Delegado de Protecci\u00f3n de Datos en la siguiente direcci\u00f3n de correo electr\u00f3nico: dpo.pamplona@e-leclerc.es<\/p><p>Finalmente, tambi\u00e9n podr\u00e1s dirigirte ante la autoridad de control cuando lo consideres oportuno para interponer una reclamaci\u00f3n (por ejemplo, en el pa\u00eds donde tengas tu residencia habitual, tu lugar de trabajo o en el que consideres que se ha producido la supuesta infracci\u00f3n). A los efectos oportunos, te informamos que en Espa\u00f1a la Autoridad de Control es la <a href=\"http:\/\/www.aepd.es\/\">Agencia Espa\u00f1ola de Protecci\u00f3n de Datos,<\/a> y puedes ejercitar tus derechos a trav\u00e9s de los formularios que \u00e9sta entidad tiene habilitados al efecto y que est\u00e1n disponibles en su <a href=\"https:\/\/sedeagpd.gob.es\/sede-electronica-web\/vistas\/infoSede\/inicioCiudadano.jsf\">sede electr\u00f3nica<\/a>.<\/p><p>Si quieres m\u00e1s informaci\u00f3n sobre los mencionados derechos te invitamos a que sigas leyendo o que visites <a href=\"https:\/\/www.aepd.es\/es\/documento\/cuales-son-tus-derechos-de-proteccion-de-datos.pdf\">la infograf\u00eda elaborada por la Agencia Espa\u00f1ola de Protecci\u00f3n de Datos.<\/a><\/p><p>Podr\u00e1s dirigir tu reclamaci\u00f3n o ejercitar tus derechos a trav\u00e9s de cualquiera de las v\u00edas de contacto indicadas en el apartado de \u201cIdentidad del Responsable\u201d de la presente pol\u00edtica.<\/p><p><strong>\u00a0<\/strong><\/p><p><strong>Versi\u00f3n 1.3 \u2013 Actualizada a marzo del 2024.<\/strong><\/p>\t\t\t\t\t\t\t\t<\/div>\n\t\t\t\t<\/div>\n\t\t\t\t\t<\/div>\n\t\t\t\t<\/div>\n\t\t\t\t<\/div>\n\t\t","protected":false},"excerpt":{"rendered":"<p>POL\u00cdTICA DE PRIVACIDAD 1.- \u00c1MBITO DE APLICACI\u00d3N DE LA PRESENTE POL\u00cdTICA. Esta pol\u00edtica de privacidad tiene por objeto los tratamientos de datos que E. Leclerc Pamplona (Iru\u00f1adis, S.L.) realiza \u00a0por medio de (i)\u00a0 la secci\u00f3n dedicada a la tienda de Pamplona (https:\/\/e-leclerc.es\/tiendas\/pamplona\/) de este portal; (ii) las compras online que se realicen para el centro [&hellip;]<\/p>\n","protected":false},"author":3,"featured_media":0,"parent":0,"menu_order":0,"comment_status":"closed","ping_status":"closed","template":"","meta":{"_acf_changed":false,"footnotes":""},"class_list":["post-8254","page","type-page","status-publish","hentry"],"acf":[],"yoast_head":"<!-- This site is optimized with the Yoast SEO plugin v27.4 - https:\/\/yoast.com\/product\/yoast-seo-wordpress\/ -->\n<title>Pol\u00edtica de privacidad web - E.Leclerc Pamplona<\/title>\n<meta name=\"robots\" content=\"index, follow, max-snippet:-1, max-image-preview:large, max-video-preview:-1\" \/>\n<link rel=\"canonical\" href=\"https:\/\/e-leclerc.es\/pamplona\/politica-de-privacidad-web\/\" \/>\n<meta property=\"og:locale\" content=\"es_ES\" \/>\n<meta property=\"og:type\" content=\"article\" \/>\n<meta property=\"og:title\" content=\"Pol\u00edtica de privacidad web - E.Leclerc Pamplona\" \/>\n<meta property=\"og:description\" content=\"POL\u00cdTICA DE PRIVACIDAD 1.- \u00c1MBITO DE APLICACI\u00d3N DE LA PRESENTE POL\u00cdTICA. Esta pol\u00edtica de privacidad tiene por objeto los tratamientos de datos que E. Leclerc Pamplona (Iru\u00f1adis, S.L.) realiza \u00a0por medio de (i)\u00a0 la secci\u00f3n dedicada a la tienda de Pamplona (https:\/\/e-leclerc.es\/tiendas\/pamplona\/) de este portal; (ii) las compras online que se realicen para el centro [&hellip;]\" \/>\n<meta property=\"og:url\" content=\"https:\/\/e-leclerc.es\/pamplona\/politica-de-privacidad-web\/\" \/>\n<meta property=\"og:site_name\" content=\"E.Leclerc Pamplona\" \/>\n<meta property=\"article:modified_time\" content=\"2024-05-17T09:01:31+00:00\" \/>\n<meta name=\"twitter:card\" content=\"summary_large_image\" \/>\n<meta name=\"twitter:label1\" content=\"Tiempo de lectura\" \/>\n\t<meta name=\"twitter:data1\" content=\"13 minutos\" \/>\n<script type=\"application\/ld+json\" class=\"yoast-schema-graph\">{\"@context\":\"https:\\\/\\\/schema.org\",\"@graph\":[{\"@type\":\"WebPage\",\"@id\":\"https:\\\/\\\/e-leclerc.es\\\/pamplona\\\/politica-de-privacidad-web\\\/\",\"url\":\"https:\\\/\\\/e-leclerc.es\\\/pamplona\\\/politica-de-privacidad-web\\\/\",\"name\":\"Pol\u00edtica de privacidad web - E.Leclerc Pamplona\",\"isPartOf\":{\"@id\":\"https:\\\/\\\/e-leclerc.es\\\/pamplona\\\/#website\"},\"datePublished\":\"2024-05-17T08:55:29+00:00\",\"dateModified\":\"2024-05-17T09:01:31+00:00\",\"breadcrumb\":{\"@id\":\"https:\\\/\\\/e-leclerc.es\\\/pamplona\\\/politica-de-privacidad-web\\\/#breadcrumb\"},\"inLanguage\":\"es\",\"potentialAction\":[{\"@type\":\"ReadAction\",\"target\":[\"https:\\\/\\\/e-leclerc.es\\\/pamplona\\\/politica-de-privacidad-web\\\/\"]}]},{\"@type\":\"BreadcrumbList\",\"@id\":\"https:\\\/\\\/e-leclerc.es\\\/pamplona\\\/politica-de-privacidad-web\\\/#breadcrumb\",\"itemListElement\":[{\"@type\":\"ListItem\",\"position\":1,\"name\":\"Portada\",\"item\":\"https:\\\/\\\/e-leclerc.es\\\/pamplona\\\/\"},{\"@type\":\"ListItem\",\"position\":2,\"name\":\"Pol\u00edtica de privacidad web\"}]},{\"@type\":\"WebSite\",\"@id\":\"https:\\\/\\\/e-leclerc.es\\\/pamplona\\\/#website\",\"url\":\"https:\\\/\\\/e-leclerc.es\\\/pamplona\\\/\",\"name\":\"E.Leclerc Pamplona\",\"description\":\"Descubre los folletos, ofertas y promociones de nuestro hipermercado E.Leclerc Pamplona en Arag\u00f3n. Direcci\u00f3n | Horario | Productos locales\",\"publisher\":{\"@id\":\"https:\\\/\\\/e-leclerc.es\\\/pamplona\\\/#organization\"},\"potentialAction\":[{\"@type\":\"SearchAction\",\"target\":{\"@type\":\"EntryPoint\",\"urlTemplate\":\"https:\\\/\\\/e-leclerc.es\\\/pamplona\\\/?s={search_term_string}\"},\"query-input\":{\"@type\":\"PropertyValueSpecification\",\"valueRequired\":true,\"valueName\":\"search_term_string\"}}],\"inLanguage\":\"es\"},{\"@type\":\"Organization\",\"@id\":\"https:\\\/\\\/e-leclerc.es\\\/pamplona\\\/#organization\",\"name\":\"E.Leclerc Pamplona\",\"url\":\"https:\\\/\\\/e-leclerc.es\\\/pamplona\\\/\",\"logo\":{\"@type\":\"ImageObject\",\"inLanguage\":\"es\",\"@id\":\"https:\\\/\\\/e-leclerc.es\\\/pamplona\\\/#\\\/schema\\\/logo\\\/image\\\/\",\"url\":\"https:\\\/\\\/e-leclerc.es\\\/pamplona\\\/wp-content\\\/uploads\\\/sites\\\/16\\\/2024\\\/03\\\/Leclerc_Logo.svg\",\"contentUrl\":\"https:\\\/\\\/e-leclerc.es\\\/pamplona\\\/wp-content\\\/uploads\\\/sites\\\/16\\\/2024\\\/03\\\/Leclerc_Logo.svg\",\"caption\":\"E.Leclerc Pamplona\"},\"image\":{\"@id\":\"https:\\\/\\\/e-leclerc.es\\\/pamplona\\\/#\\\/schema\\\/logo\\\/image\\\/\"}}]}<\/script>\n<!-- \/ Yoast SEO plugin. -->","yoast_head_json":{"title":"Pol\u00edtica de privacidad web - E.Leclerc Pamplona","robots":{"index":"index","follow":"follow","max-snippet":"max-snippet:-1","max-image-preview":"max-image-preview:large","max-video-preview":"max-video-preview:-1"},"canonical":"https:\/\/e-leclerc.es\/pamplona\/politica-de-privacidad-web\/","og_locale":"es_ES","og_type":"article","og_title":"Pol\u00edtica de privacidad web - E.Leclerc Pamplona","og_description":"POL\u00cdTICA DE PRIVACIDAD 1.- \u00c1MBITO DE APLICACI\u00d3N DE LA PRESENTE POL\u00cdTICA. Esta pol\u00edtica de privacidad tiene por objeto los tratamientos de datos que E. Leclerc Pamplona (Iru\u00f1adis, S.L.) realiza \u00a0por medio de (i)\u00a0 la secci\u00f3n dedicada a la tienda de Pamplona (https:\/\/e-leclerc.es\/tiendas\/pamplona\/) de este portal; (ii) las compras online que se realicen para el centro [&hellip;]","og_url":"https:\/\/e-leclerc.es\/pamplona\/politica-de-privacidad-web\/","og_site_name":"E.Leclerc Pamplona","article_modified_time":"2024-05-17T09:01:31+00:00","twitter_card":"summary_large_image","twitter_misc":{"Tiempo de lectura":"13 minutos"},"schema":{"@context":"https:\/\/schema.org","@graph":[{"@type":"WebPage","@id":"https:\/\/e-leclerc.es\/pamplona\/politica-de-privacidad-web\/","url":"https:\/\/e-leclerc.es\/pamplona\/politica-de-privacidad-web\/","name":"Pol\u00edtica de privacidad web - E.Leclerc Pamplona","isPartOf":{"@id":"https:\/\/e-leclerc.es\/pamplona\/#website"},"datePublished":"2024-05-17T08:55:29+00:00","dateModified":"2024-05-17T09:01:31+00:00","breadcrumb":{"@id":"https:\/\/e-leclerc.es\/pamplona\/politica-de-privacidad-web\/#breadcrumb"},"inLanguage":"es","potentialAction":[{"@type":"ReadAction","target":["https:\/\/e-leclerc.es\/pamplona\/politica-de-privacidad-web\/"]}]},{"@type":"BreadcrumbList","@id":"https:\/\/e-leclerc.es\/pamplona\/politica-de-privacidad-web\/#breadcrumb","itemListElement":[{"@type":"ListItem","position":1,"name":"Portada","item":"https:\/\/e-leclerc.es\/pamplona\/"},{"@type":"ListItem","position":2,"name":"Pol\u00edtica de privacidad web"}]},{"@type":"WebSite","@id":"https:\/\/e-leclerc.es\/pamplona\/#website","url":"https:\/\/e-leclerc.es\/pamplona\/","name":"E.Leclerc Pamplona","description":"Descubre los folletos, ofertas y promociones de nuestro hipermercado E.Leclerc Pamplona en Arag\u00f3n. Direcci\u00f3n | Horario | Productos locales","publisher":{"@id":"https:\/\/e-leclerc.es\/pamplona\/#organization"},"potentialAction":[{"@type":"SearchAction","target":{"@type":"EntryPoint","urlTemplate":"https:\/\/e-leclerc.es\/pamplona\/?s={search_term_string}"},"query-input":{"@type":"PropertyValueSpecification","valueRequired":true,"valueName":"search_term_string"}}],"inLanguage":"es"},{"@type":"Organization","@id":"https:\/\/e-leclerc.es\/pamplona\/#organization","name":"E.Leclerc Pamplona","url":"https:\/\/e-leclerc.es\/pamplona\/","logo":{"@type":"ImageObject","inLanguage":"es","@id":"https:\/\/e-leclerc.es\/pamplona\/#\/schema\/logo\/image\/","url":"https:\/\/e-leclerc.es\/pamplona\/wp-content\/uploads\/sites\/16\/2024\/03\/Leclerc_Logo.svg","contentUrl":"https:\/\/e-leclerc.es\/pamplona\/wp-content\/uploads\/sites\/16\/2024\/03\/Leclerc_Logo.svg","caption":"E.Leclerc Pamplona"},"image":{"@id":"https:\/\/e-leclerc.es\/pamplona\/#\/schema\/logo\/image\/"}}]}},"_links":{"self":[{"href":"https:\/\/e-leclerc.es\/pamplona\/wp-json\/wp\/v2\/pages\/8254","targetHints":{"allow":["GET"]}}],"collection":[{"href":"https:\/\/e-leclerc.es\/pamplona\/wp-json\/wp\/v2\/pages"}],"about":[{"href":"https:\/\/e-leclerc.es\/pamplona\/wp-json\/wp\/v2\/types\/page"}],"author":[{"embeddable":true,"href":"https:\/\/e-leclerc.es\/pamplona\/wp-json\/wp\/v2\/users\/3"}],"replies":[{"embeddable":true,"href":"https:\/\/e-leclerc.es\/pamplona\/wp-json\/wp\/v2\/comments?post=8254"}],"version-history":[{"count":4,"href":"https:\/\/e-leclerc.es\/pamplona\/wp-json\/wp\/v2\/pages\/8254\/revisions"}],"predecessor-version":[{"id":8258,"href":"https:\/\/e-leclerc.es\/pamplona\/wp-json\/wp\/v2\/pages\/8254\/revisions\/8258"}],"wp:attachment":[{"href":"https:\/\/e-leclerc.es\/pamplona\/wp-json\/wp\/v2\/media?parent=8254"}],"curies":[{"name":"wp","href":"https:\/\/api.w.org\/{rel}","templated":true}]}}